{"id":3,"date":"2023-12-20T09:34:15","date_gmt":"2023-12-20T08:34:15","guid":{"rendered":"http:\/\/pslsystemtechnik.com\/?page_id=3"},"modified":"2025-11-28T16:20:46","modified_gmt":"2025-11-28T15:20:46","slug":"datenschutz","status":"publish","type":"page","link":"https:\/\/psl-systemtechnik.com\/de\/datenschutz\/","title":{"rendered":"Datenschutzerkl\u00e4rung"},"content":{"rendered":"\t\t<div data-elementor-type=\"wp-page\" data-elementor-id=\"3\" class=\"elementor elementor-3\">\n\t\t\t\t<div class=\"elementor-element elementor-element-f2cec11 e-flex e-con-boxed e-con e-parent\" data-id=\"f2cec11\" data-element_type=\"container\" data-settings=\"{&quot;background_background&quot;:&quot;classic&quot;}\">\n\t\t\t\t\t<div class=\"e-con-inner\">\n\t\t\t\t<div class=\"elementor-element elementor-element-aaf93e5 elementor-widget elementor-widget-heading\" data-id=\"aaf93e5\" data-element_type=\"widget\" data-widget_type=\"heading.default\">\n\t\t\t\t<div class=\"elementor-widget-container\">\n\t\t\t\t\t<h1 class=\"elementor-heading-title elementor-size-default\">Datenschutz&shy;erkl\u00e4rung<\/h1>\t\t\t\t<\/div>\n\t\t\t\t<\/div>\n\t\t\t\t\t<\/div>\n\t\t\t\t<\/div>\n\t\t<div class=\"elementor-element elementor-element-c6a797e e-flex e-con-boxed e-con e-parent\" data-id=\"c6a797e\" data-element_type=\"container\">\n\t\t\t\t\t<div class=\"e-con-inner\">\n\t\t\t\t<div class=\"elementor-element elementor-element-5877133 elementor-widget elementor-widget-heading\" data-id=\"5877133\" data-element_type=\"widget\" data-widget_type=\"heading.default\">\n\t\t\t\t<div class=\"elementor-widget-container\">\n\t\t\t\t\t<h2 class=\"elementor-heading-title elementor-size-default\">Datenschutzhinweise der PSL Systemtechnik GmbH<\/h2>\t\t\t\t<\/div>\n\t\t\t\t<\/div>\n\t\t\t\t<div class=\"elementor-element elementor-element-371bb9e elementor-widget elementor-widget-text-editor\" data-id=\"371bb9e\" data-element_type=\"widget\" data-widget_type=\"text-editor.default\">\n\t\t\t\t<div class=\"elementor-widget-container\">\n\t\t\t\t\t\t\t\t\t<p>Diese Datenschutzerkl\u00e4rung kl\u00e4rt Sie \u00fcber die Art, den Umfang und Zweck der Verarbeitung von personenbezogenen Daten (nachfolgend kurz \u201eDaten\u201c) innerhalb unseres Onlineangebotes und der mit ihm verbundenen Webseiten, Funktionen und Inhalte sowie externen Onlinepr\u00e4senzen, wie z.B. unser Social Media Profile auf. (nachfolgend gemeinsam bezeichnet als \u201eOnlineangebot\u201c). Im Hinblick auf die verwendeten Begrifflichkeiten, wie z.B. \u201epersonenbezogene Daten\u201c oder deren \u201eVerarbeitung\u201c verweisen wir auf die Definitionen im Art. 4 der Datenschutzgrundverordnung (DSGVO).<\/p>\t\t\t\t\t\t\t\t<\/div>\n\t\t\t\t<\/div>\n\t\t\t\t\t<\/div>\n\t\t\t\t<\/div>\n\t\t<div class=\"elementor-element elementor-element-071b89b e-flex e-con-boxed e-con e-parent\" data-id=\"071b89b\" data-element_type=\"container\">\n\t\t\t\t\t<div class=\"e-con-inner\">\n\t\t\t\t<div class=\"elementor-element elementor-element-188934b elementor-widget elementor-widget-heading\" data-id=\"188934b\" data-element_type=\"widget\" data-widget_type=\"heading.default\">\n\t\t\t\t<div class=\"elementor-widget-container\">\n\t\t\t\t\t<h3 class=\"elementor-heading-title elementor-size-default\">Verantwortliche Stelle<\/h3>\t\t\t\t<\/div>\n\t\t\t\t<\/div>\n\t\t\t\t<div class=\"elementor-element elementor-element-f3efa24 elementor-widget elementor-widget-text-editor\" data-id=\"f3efa24\" data-element_type=\"widget\" data-widget_type=\"text-editor.default\">\n\t\t\t\t<div class=\"elementor-widget-container\">\n\t\t\t\t\t\t\t\t\t<p>Verantwortlich f\u00fcr die Datenverarbeitung und Kontakt Datenschutzbeauftragter:<\/p><p>PSL Systemtechnik GmbH<br \/>Baumhofstra\u00dfe 116<br \/>37520 Osterode am Harz<br \/>Telefon: +49 5522\/31250-0<br \/>Email: <a href=\"mailto:info@psl-systemtechnik.com\">info@psl-systemtechnik.com<\/a><\/p><p>Impressum: <a href=\"\/de\/impressum\/\">psl-systemtechnik.com\/de\/impressum\/<\/a><\/p>\t\t\t\t\t\t\t\t<\/div>\n\t\t\t\t<\/div>\n\t\t\t\t\t<\/div>\n\t\t\t\t<\/div>\n\t\t<div class=\"elementor-element elementor-element-54848c0 e-flex e-con-boxed e-con e-parent\" data-id=\"54848c0\" data-element_type=\"container\">\n\t\t\t\t\t<div class=\"e-con-inner\">\n\t\t\t\t<div class=\"elementor-element elementor-element-0579b84 elementor-widget elementor-widget-heading\" data-id=\"0579b84\" data-element_type=\"widget\" data-widget_type=\"heading.default\">\n\t\t\t\t<div class=\"elementor-widget-container\">\n\t\t\t\t\t<h3 class=\"elementor-heading-title elementor-size-default\">\u00dcbersicht der Verarbeitungen<\/h3>\t\t\t\t<\/div>\n\t\t\t\t<\/div>\n\t\t\t\t<div class=\"elementor-element elementor-element-8774db8 elementor-widget elementor-widget-text-editor\" data-id=\"8774db8\" data-element_type=\"widget\" data-widget_type=\"text-editor.default\">\n\t\t\t\t<div class=\"elementor-widget-container\">\n\t\t\t\t\t\t\t\t\t<p>Die nachfolgende \u00dcbersicht fasst die Arten der verarbeiteten Daten und die Zwecke ihrer Verarbeitung zusammen und verweist auf die betroffenen Personen.<\/p><h4>Arten der verarbeiteten Daten<\/h4><ul><li>Bestandsdaten<\/li><li>Standortdaten<\/li><li>Kontaktdaten<\/li><li>Inhaltsdaten<\/li><li>Nutzungsdaten<\/li><li>Meta-, Kommunikations- und Verfahrensdaten<\/li><li>Bewerberdaten<\/li><li>Event-Daten<\/li><\/ul><h4>Kategorien betroffener Personen<\/h4><ul><li>Kunden<\/li><li>Kommunikationspartne<\/li><li>Nutzer<\/li><li>Bewerber<\/li><\/ul><h4>Zwecke der Verarbeitung<\/h4><ul><li>Erbringung vertraglicher Leistungen und Erf\u00fcllung vertraglicher Pflichten<\/li><li>Kontaktanfragen und Kommunikation<\/li><li>Sicherheitsma\u00dfnahme<\/li><li>Reichweitenmessung<\/li><li>Tracking<\/li><li>Remarketing<\/li><li>Konversionsmessung<\/li><li>Zielgruppenbildung<\/li><li>Verwaltung und Beantwortung von Anfragen<\/li><li>Bewerbungsverfahren<\/li><li>Feedback<\/li><li>Marketing<\/li><li>Profile mit nutzerbezogenen Informationen<\/li><li>Bereitstellung unseres Onlineangebotes und Nutzerfreundlichkeit<\/li><li>Informationstechnische Infrastruktur<\/li><\/ul>\t\t\t\t\t\t\t\t<\/div>\n\t\t\t\t<\/div>\n\t\t\t\t\t<\/div>\n\t\t\t\t<\/div>\n\t\t<div class=\"elementor-element elementor-element-9990e7d e-flex e-con-boxed e-con e-parent\" data-id=\"9990e7d\" data-element_type=\"container\">\n\t\t\t\t\t<div class=\"e-con-inner\">\n\t\t\t\t<div class=\"elementor-element elementor-element-fc1ccda elementor-widget elementor-widget-heading\" data-id=\"fc1ccda\" data-element_type=\"widget\" data-widget_type=\"heading.default\">\n\t\t\t\t<div class=\"elementor-widget-container\">\n\t\t\t\t\t<h3 class=\"elementor-heading-title elementor-size-default\">1. Ma\u00dfgebliche Rechtsgrundlagen<\/h3>\t\t\t\t<\/div>\n\t\t\t\t<\/div>\n\t\t\t\t<div class=\"elementor-element elementor-element-21356c9 elementor-widget elementor-widget-text-editor\" data-id=\"21356c9\" data-element_type=\"widget\" data-widget_type=\"text-editor.default\">\n\t\t\t\t<div class=\"elementor-widget-container\">\n\t\t\t\t\t\t\t\t\t<p><strong>Ma\u00dfgebliche Rechtsgrundlagen nach der DSGVO:<\/strong> Im Folgenden erhalten Sie eine \u00dcbersicht der Rechtsgrundlagen der DSGVO, auf deren Basis wir personenbezogene Daten verarbeiten. Bitte nehmen Sie zur Kenntnis, dass neben den Regelungen der DSGVO nationale Datenschutzvorgaben in Ihrem bzw. unserem Wohn- oder Sitzland gelten k\u00f6nnen. Sollten ferner im Einzelfall speziellere Rechtsgrundlagen ma\u00dfgeblich sein, teilen wir Ihnen diese in der Datenschutzerkl\u00e4rung mit.<\/p><ul><li><strong>Einwilligung (Art. 6 Abs. 1 S. 1 lit. a) DSGVO)<\/strong> \u2013 Die betroffene Person hat ihre Einwilligung in die Verarbeitung der sie betreffenden personenbezogenen Daten f\u00fcr einen spezifischen Zweck oder mehrere bestimmte Zwecke gegeben.<\/li><li><strong>Vertragserf\u00fcllung und vorvertragliche Anfragen (Art. 6 Abs. 1 S. 1 lit. b) DSGVO)<\/strong> \u2013 Die Verarbeitung ist f\u00fcr die Erf\u00fcllung eines Vertrags, dessen Vertragspartei die betroffene Person ist, oder zur Durchf\u00fchrung vorvertraglicher Ma\u00dfnahmen erforderlich, die auf Anfrage der betroffenen Person erfolgen.<\/li><li><strong>Berechtigte Interessen (Art. 6 Abs. 1 S. 1 lit. f) DSGVO)<\/strong> \u2013 Die Verarbeitung ist zur Wahrung der berechtigten Interessen des Verantwortlichen oder eines Dritten erforderlich, sofern nicht die Interessen oder Grundrechte und Grundfreiheiten der betroffenen Person, die den Schutz personenbezogener Daten erfordern, \u00fcberwiegen.<\/li><li><strong>Bewerbungsverfahren als vorvertragliches bzw. vertragliches Verh\u00e4ltnis (Art. 6 Abs. 1 S. 1 lit. b) DSGVO)<\/strong> \u2013 Soweit im Rahmen des Bewerbungsverfahrens besondere Kategorien von personenbezogenen Daten im Sinne des Art. 9 Abs. 1 DSGVO (z. B. Gesundheitsdaten, wie Schwerbehinderteneigenschaft oder ethnische Herkunft) bei Bewerbern angefragt werden, damit der Verantwortliche oder die betroffene Person die ihm bzw. ihr aus dem Arbeitsrecht und dem Recht der sozialen Sicherheit und des Sozialschutzes erwachsenden Rechte aus\u00fcben und seinen bzw. ihren diesbez\u00fcglichen Pflichten nachkommen kann, erfolgt deren Verarbeitung nach Art. 9 Abs. 2 lit. b. DSGVO, im Fall des Schutzes lebenswichtiger Interessen der Bewerber oder anderer Personen gem. Art. 9 Abs. 2 lit. c. DSGVO oder f\u00fcr Zwecke der Gesundheitsvorsorge oder der Arbeitsmedizin, f\u00fcr die Beurteilung der Arbeitsf\u00e4higkeit des Besch\u00e4ftigten, f\u00fcr die medizinische Diagnostik, die Versorgung oder Behandlung im Gesundheits- oder Sozialbereich oder f\u00fcr die Verwaltung von Systemen und Diensten im Gesundheits- oder Sozialbereich gem. Art. 9 Abs. 2 lit. h. DSGVO. Im Fall einer auf freiwilliger Einwilligung beruhenden Mitteilung von besonderen Kategorien von Daten, erfolgt deren Verarbeitung auf Grundlage von Art. 9 Abs. 2 lit. a. DSGVO.<\/li><\/ul><p><strong>Nationale Datenschutzregelungen in Deutschland:<\/strong> Zus\u00e4tzlich zu den Datenschutzregelungen der DSGVO gelten nationale Regelungen zum Datenschutz in Deutschland. Hierzu geh\u00f6rt insbesondere das Gesetz zum Schutz vor Missbrauch personenbezogener Daten bei der Datenverarbeitung (Bundesdatenschutzgesetz \u2013 BDSG). Das BDSG enth\u00e4lt insbesondere Spezialregelungen zum Recht auf Auskunft, zum Recht auf L\u00f6schung, zum Widerspruchsrecht, zur Verarbeitung besonderer Kategorien personenbezogener Daten, zur Verarbeitung f\u00fcr andere Zwecke und zur \u00dcbermittlung sowie automatisierten Entscheidungsfindung im Einzelfall einschlie\u00dflich Profiling. Ferner k\u00f6nnen Landesdatenschutzgesetze der einzelnen Bundesl\u00e4nder zur Anwendung gelangen.<\/p><p><strong>Hinweis auf Geltung DSGVO und Schweizer DSG:<\/strong> Diese Datenschutzhinweise dienen sowohl der Informationserteilung nach dem schweizerischen Bundesgesetz \u00fcber den Datenschutz (Schweizer DSG) als auch nach der Datenschutzgrundverordnung (DSGVO). Aus diesem Grund bitten wir Sie zu beachten, dass aufgrund der breiteren r\u00e4umlichen Anwendung und Verst\u00e4ndlichkeit die Begriffe der DSGVO verwendet werden. Insbesondere statt der im Schweizer DSG verwendeten Begriffe \u201eBearbeitung\u201c von \u201ePersonendaten\u201c, \u201e\u00fcberwiegendes Interesse\u201c und \u201ebesonders sch\u00fctzenswerte Personendaten\u201c werden die in der DSGVO verwendeten Begriffe \u201eVerarbeitung\u201c von \u201epersonenbezogenen Daten\u201c sowie \u201eberechtigtes Interesse\u201c und \u201ebesondere Kategorien von Daten\u201c verwendet. Die gesetzliche Bedeutung der Begriffe wird jedoch im Rahmen der Geltung des Schweizer DSG weiterhin nach dem Schweizer DSG bestimmt.<\/p>\t\t\t\t\t\t\t\t<\/div>\n\t\t\t\t<\/div>\n\t\t\t\t\t<\/div>\n\t\t\t\t<\/div>\n\t\t<div class=\"elementor-element elementor-element-9c057f1 e-flex e-con-boxed e-con e-parent\" data-id=\"9c057f1\" data-element_type=\"container\">\n\t\t\t\t\t<div class=\"e-con-inner\">\n\t\t\t\t<div class=\"elementor-element elementor-element-3854a7b elementor-widget elementor-widget-heading\" data-id=\"3854a7b\" data-element_type=\"widget\" data-widget_type=\"heading.default\">\n\t\t\t\t<div class=\"elementor-widget-container\">\n\t\t\t\t\t<h3 class=\"elementor-heading-title elementor-size-default\">2. Sicherheitsma\u00dfnahmen<\/h3>\t\t\t\t<\/div>\n\t\t\t\t<\/div>\n\t\t\t\t<div class=\"elementor-element elementor-element-ba0142a elementor-widget elementor-widget-text-editor\" data-id=\"ba0142a\" data-element_type=\"widget\" data-widget_type=\"text-editor.default\">\n\t\t\t\t<div class=\"elementor-widget-container\">\n\t\t\t\t\t\t\t\t\t<p>Wir treffen nach Ma\u00dfgabe der gesetzlichen Vorgaben unter Ber\u00fccksichtigung des Stands der Technik, der Implementierungskosten und der Art, des Umfangs, der Umst\u00e4nde und der Zwecke der Verarbeitung sowie der unterschiedlichen Eintrittswahrscheinlichkeiten und des Ausma\u00dfes der Bedrohung der Rechte und Freiheiten nat\u00fcrlicher Personen geeignete technische und organisatorische Ma\u00dfnahmen, um ein dem Risiko angemessenes Schutzniveau zu gew\u00e4hrleisten.<\/p><p>Zu den Ma\u00dfnahmen geh\u00f6ren insbesondere die Sicherung der Vertraulichkeit, Integrit\u00e4t und Verf\u00fcgbarkeit von Daten durch Kontrolle des physischen und elektronischen Zugangs zu den Daten als auch des sie betreffenden Zugriffs, der Eingabe, der Weitergabe, der Sicherung der Verf\u00fcgbarkeit und ihrer Trennung. Des Weiteren haben wir Verfahren eingerichtet, die eine Wahrnehmung von Betroffenenrechten, die L\u00f6schung von Daten und Reaktionen auf die Gef\u00e4hrdung der Daten gew\u00e4hrleisten. Ferner ber\u00fccksichtigen wir den Schutz personenbezogener Daten bereits bei der Entwicklung bzw. Auswahl von Hardware, Software sowie Verfahren entsprechend dem Prinzip des Datenschutzes, durch Technikgestaltung und durch datenschutzfreundliche Voreinstellungen.<\/p><p><strong>TLS\/SSL-Verschl\u00fcsselung (https):<\/strong> Um die Daten der Benutzer, die \u00fcber unsere Online-Dienste \u00fcbertragen werden, zu sch\u00fctzen, verwenden wir TLS\/SSL-Verschl\u00fcsselung. Secure Sockets Layer (SSL) ist die Standardtechnologie zur Sicherung von Internetverbindungen durch Verschl\u00fcsselung der zwischen einer Website oder App und einem Browser (oder zwischen zwei Servern) \u00fcbertragenen Daten. Transport Layer Security (TLS) ist eine aktualisierte und sicherere Version von SSL. Hyper Text Transfer Protocol Secure (HTTPS) wird in der URL angezeigt, wenn eine Website durch ein SSL\/TLS-Zertifikat gesichert ist.<\/p>\t\t\t\t\t\t\t\t<\/div>\n\t\t\t\t<\/div>\n\t\t\t\t\t<\/div>\n\t\t\t\t<\/div>\n\t\t<div class=\"elementor-element elementor-element-448077b e-flex e-con-boxed e-con e-parent\" data-id=\"448077b\" data-element_type=\"container\">\n\t\t\t\t\t<div class=\"e-con-inner\">\n\t\t\t\t<div class=\"elementor-element elementor-element-677fc8d elementor-widget elementor-widget-heading\" data-id=\"677fc8d\" data-element_type=\"widget\" data-widget_type=\"heading.default\">\n\t\t\t\t<div class=\"elementor-widget-container\">\n\t\t\t\t\t<h3 class=\"elementor-heading-title elementor-size-default\">3. \u00dcbermittlung personenbezogener Daten<\/h3>\t\t\t\t<\/div>\n\t\t\t\t<\/div>\n\t\t\t\t<div class=\"elementor-element elementor-element-5893e6b elementor-widget elementor-widget-text-editor\" data-id=\"5893e6b\" data-element_type=\"widget\" data-widget_type=\"text-editor.default\">\n\t\t\t\t<div class=\"elementor-widget-container\">\n\t\t\t\t\t\t\t\t\tIm Rahmen unserer Verarbeitung von personenbezogenen Daten kommt es vor, dass die Daten an andere Stellen, Unternehmen, rechtlich selbstst\u00e4ndige Organisationseinheiten oder Personen \u00fcbermittelt oder sie ihnen gegen\u00fcber offengelegt werden. Zu den Empf\u00e4ngern dieser Daten k\u00f6nnen z. B. mit IT-Aufgaben beauftragte Dienstleister oder Anbieter von Diensten und Inhalten, die in eine Webseite eingebunden werden, geh\u00f6ren. In solchen F\u00e4llen beachten wir die gesetzlichen Vorgaben und schlie\u00dfen insbesondere entsprechende Vertr\u00e4ge bzw. Vereinbarungen, die dem Schutz Ihrer Daten dienen, mit den Empf\u00e4ngern Ihrer Daten ab.\t\t\t\t\t\t\t\t<\/div>\n\t\t\t\t<\/div>\n\t\t\t\t\t<\/div>\n\t\t\t\t<\/div>\n\t\t<div class=\"elementor-element elementor-element-7b4e554 e-flex e-con-boxed e-con e-parent\" data-id=\"7b4e554\" data-element_type=\"container\">\n\t\t\t\t\t<div class=\"e-con-inner\">\n\t\t\t\t<div class=\"elementor-element elementor-element-aa08697 elementor-widget elementor-widget-heading\" data-id=\"aa08697\" data-element_type=\"widget\" data-widget_type=\"heading.default\">\n\t\t\t\t<div class=\"elementor-widget-container\">\n\t\t\t\t\t<h3 class=\"elementor-heading-title elementor-size-default\">4. Internationale Datentransfers<\/h3>\t\t\t\t<\/div>\n\t\t\t\t<\/div>\n\t\t\t\t<div class=\"elementor-element elementor-element-d0701eb elementor-widget elementor-widget-text-editor\" data-id=\"d0701eb\" data-element_type=\"widget\" data-widget_type=\"text-editor.default\">\n\t\t\t\t<div class=\"elementor-widget-container\">\n\t\t\t\t\t\t\t\t\t<div class=\"text\"><p><strong>Datenverarbeitung in Drittl\u00e4ndern:<\/strong> Sofern wir Daten in einem Drittland (d. h., au\u00dferhalb der Europ\u00e4ischen Union (EU), des Europ\u00e4ischen Wirtschaftsraums (EWR)) verarbeiten oder die Verarbeitung im Rahmen der Inanspruchnahme von Diensten Dritter oder der Offenlegung bzw. \u00dcbermittlung von Daten an andere Personen, Stellen oder Unternehmen stattfindet, erfolgt dies nur im Einklang mit den gesetzlichen Vorgaben. Sofern das Datenschutzniveau in dem Drittland mittels eines Angemessenheitsbeschlusses anerkannt wurde (Art. 45 DSGVO), dient dieser als Grundlage des Datentransfers. Im \u00dcbrigen erfolgen Datentransfers nur dann, wenn das Datenschutzniveau anderweitig gesichert ist, insbesondere durch Standardvertragsklauseln (Art. 46 Abs. 2 lit. c) DSGVO), ausdr\u00fcckliche Einwilligung oder im Fall vertraglicher oder gesetzlich erforderlicher \u00dcbermittlung (Art. 49 Abs. 1 DSGVO). Im \u00dcbrigen teilen wir Ihnen die Grundlagen der Drittland\u00fcbermittlung bei den einzelnen Anbietern aus dem Drittland mit, wobei die Angemessenheitsbeschl\u00fcsse als Grundlagen vorrangig gelten. Informationen zu Drittlandtransfers und vorliegenden Angemessenheitsbeschl\u00fcssen k\u00f6nnen dem Informationsangebot der EU-Kommission entnommen werden: <a href=\"https:\/\/commission.europa.eu\/law\/law-topic\/data-protection\/international-dimension-data-protection_de\" target=\"_blank\" rel=\"noopener\">https:\/\/commission.europa.eu\/law\/law-topic\/data-protection\/international-dimension-data-protection_de<\/a> .<\/p><p><strong>EU-US Trans-Atlantic Data Privacy Framework:<\/strong> Im Rahmen des sogenannten \u201eData Privacy Framework\u201c (DPF) hat die EU-Kommission das Datenschutzniveau ebenfalls f\u00fcr bestimmte Unternehmen aus den USA im Rahmen der Angemessenheitsbeschlusses vom 10.07.2023 als sicher anerkannt. Die Liste der zertifizierten Unternehmen als auch weitere Informationen zu dem DPF k\u00f6nnen Sie der Webseite des Handelsministeriums der USA unter <a href=\"https:\/\/www.dataprivacyframework.gov\/\" target=\"_blank\" rel=\"noopener\">https:\/\/www.dataprivacyframework.gov\/<\/a> \u00a0(in Englisch) entnehmen. Wir informieren Sie im Rahmen der Datenschutzhinweise, welche von uns eingesetzten Diensteanbieter unter dem Data Privacy Framework zertifiziert sind.<\/p><\/div>\t\t\t\t\t\t\t\t<\/div>\n\t\t\t\t<\/div>\n\t\t\t\t\t<\/div>\n\t\t\t\t<\/div>\n\t\t<div class=\"elementor-element elementor-element-4570cdd e-flex e-con-boxed e-con e-parent\" data-id=\"4570cdd\" data-element_type=\"container\">\n\t\t\t\t\t<div class=\"e-con-inner\">\n\t\t\t\t<div class=\"elementor-element elementor-element-494891c elementor-widget elementor-widget-heading\" data-id=\"494891c\" data-element_type=\"widget\" data-widget_type=\"heading.default\">\n\t\t\t\t<div class=\"elementor-widget-container\">\n\t\t\t\t\t<h3 class=\"elementor-heading-title elementor-size-default\">5. L\u00f6schung von Daten<\/h3>\t\t\t\t<\/div>\n\t\t\t\t<\/div>\n\t\t\t\t<div class=\"elementor-element elementor-element-70b6ee8 elementor-widget elementor-widget-text-editor\" data-id=\"70b6ee8\" data-element_type=\"widget\" data-widget_type=\"text-editor.default\">\n\t\t\t\t<div class=\"elementor-widget-container\">\n\t\t\t\t\t\t\t\t\tDie von uns verarbeiteten Daten werden nach Ma\u00dfgabe der gesetzlichen Vorgaben gel\u00f6scht, sobald deren zur Verarbeitung erlaubten Einwilligungen widerrufen werden oder sonstige Erlaubnisse entfallen (z. B. wenn der Zweck der Verarbeitung dieser Daten entfallen ist oder sie f\u00fcr den Zweck nicht erforderlich sind). Sofern die Daten nicht gel\u00f6scht werden, weil sie f\u00fcr andere und gesetzlich zul\u00e4ssige Zwecke erforderlich sind, wird deren Verarbeitung auf diese Zwecke beschr\u00e4nkt. D. h., die Daten werden gesperrt und nicht f\u00fcr andere Zwecke verarbeitet. Das gilt z. B. f\u00fcr Daten, die aus handels- oder steuerrechtlichen Gr\u00fcnden aufbewahrt werden m\u00fcssen oder deren Speicherung zur Geltendmachung, Aus\u00fcbung oder Verteidigung von Rechtsanspr\u00fcchen oder zum Schutz der Rechte einer anderen nat\u00fcrlichen oder juristischen Person erforderlich ist. Im Rahmen unserer Datenschutzhinweise k\u00f6nnen wir den Nutzern weitere Informationen zu der L\u00f6schung sowie zu der Aufbewahrung von Daten mitteilen, die speziell f\u00fcr die jeweiligen Verarbeitungsprozesses gelten.\t\t\t\t\t\t\t\t<\/div>\n\t\t\t\t<\/div>\n\t\t\t\t\t<\/div>\n\t\t\t\t<\/div>\n\t\t<div class=\"elementor-element elementor-element-c75078c e-flex e-con-boxed e-con e-parent\" data-id=\"c75078c\" data-element_type=\"container\">\n\t\t\t\t\t<div class=\"e-con-inner\">\n\t\t\t\t<div class=\"elementor-element elementor-element-bdab3ef elementor-widget elementor-widget-heading\" data-id=\"bdab3ef\" data-element_type=\"widget\" data-widget_type=\"heading.default\">\n\t\t\t\t<div class=\"elementor-widget-container\">\n\t\t\t\t\t<h3 class=\"elementor-heading-title elementor-size-default\">6. Rechte der betroffenen Personen<\/h3>\t\t\t\t<\/div>\n\t\t\t\t<\/div>\n\t\t\t\t<div class=\"elementor-element elementor-element-ca579b6 elementor-widget elementor-widget-text-editor\" data-id=\"ca579b6\" data-element_type=\"widget\" data-widget_type=\"text-editor.default\">\n\t\t\t\t<div class=\"elementor-widget-container\">\n\t\t\t\t\t\t\t\t\tRechte der betroffenen Personen aus der DSGVO: Ihnen stehen als Betroffene nach der DSGVO verschiedene Rechte zu, die sich insbesondere aus Art. 15 bis 21 DSGVO ergeben:\n<ul>\n \t<li><strong>Widerspruchsrecht:<\/strong> Sie haben das Recht, aus Gr\u00fcnden, die sich aus Ihrer besonderen Situation ergeben, jederzeit gegen die Verarbeitung der Sie betreffenden personenbezogenen Daten, die aufgrund von Art. 6 Abs. 1 lit. e oder f DSGVO erfolgt, Widerspruch einzulegen; dies gilt auch f\u00fcr ein auf diese Bestimmungen gest\u00fctztes Profiling. Werden die Sie betreffenden personenbezogenen Daten verarbeitet, um Direktwerbung zu betreiben, haben Sie das Recht, jederzeit Widerspruch gegen die Verarbeitung der Sie betreffenden personenbezogenen Daten zum Zwecke derartiger Werbung einzulegen; dies gilt auch f\u00fcr das Profiling, soweit es mit solcher Direktwerbung in Verbindung steht.<\/li>\n \t<li><strong>Widerrufsrecht bei Einwilligungen:<\/strong> Sie haben das Recht, erteilte Einwilligungen jederzeit zu widerrufen.<\/li>\n \t<li><strong>Auskunftsrecht: <\/strong>Sie haben das Recht, eine Best\u00e4tigung dar\u00fcber zu verlangen, ob betreffende Daten verarbeitet werden und auf Auskunft \u00fcber diese Daten sowie auf weitere Informationen und Kopie der Daten entsprechend den gesetzlichen Vorgaben.<\/li>\n \t<li><strong>Recht auf Berichtigung:<\/strong> Sie haben entsprechend den gesetzlichen Vorgaben das Recht, die Vervollst\u00e4ndigung der Sie betreffenden Daten oder die Berichtigung der Sie betreffenden unrichtigen Daten zu verlangen.<\/li>\n \t<li><strong>Recht auf L\u00f6schung und Einschr\u00e4nkung der Verarbeitung: <\/strong>Sie haben nach Ma\u00dfgabe der gesetzlichen Vorgaben das Recht, zu verlangen, dass Sie betreffende Daten unverz\u00fcglich gel\u00f6scht werden, bzw. alternativ nach Ma\u00dfgabe der gesetzlichen Vorgaben eine Einschr\u00e4nkung der Verarbeitung der Daten zu verlangen.<\/li>\n \t<li><strong>Recht auf Daten\u00fcbertragbarkeit:<\/strong> Sie haben das Recht, Sie betreffende Daten, die Sie uns bereitgestellt haben, nach Ma\u00dfgabe der gesetzlichen Vorgaben in einem strukturierten, g\u00e4ngigen und maschinenlesbaren Format zu erhalten oder deren \u00dcbermittlung an einen anderen Verantwortlichen zu fordern.<\/li>\n \t<li><strong style=\"font-family: var(--global-body-font-family)\">Beschwerde bei Aufsichtsbeh\u00f6rde:<\/strong><span style=\"font-family: var(--global-body-font-family)\"> Entsprechend den gesetzlichen Vorgaben und unbeschadet eines anderweitigen verwaltungsrechtlichen oder gerichtlichen Rechtsbehelfs, haben Sie ferner das Recht,\u00a0 bei einer Datenschutzaufsichtsbeh\u00f6rde, insbesondere einer Aufsichtsbeh\u00f6rde im Mitgliedstaat, in dem Sie sich gew\u00f6hnlich aufhalten, der Aufsichtsbeh\u00f6rde Ihres Arbeitsplatzes oder des Ortes des mutma\u00dflichen Versto\u00dfes, eine Beschwerde einzulegen, wenn Sie der Ansicht sei sollten, dass die Verarbeitung der Ihre Person betreffenden personenbezogenen Daten gegen die DSGVO verst\u00f6\u00dft.<\/span><\/li>\n<\/ul>\t\t\t\t\t\t\t\t<\/div>\n\t\t\t\t<\/div>\n\t\t\t\t\t<\/div>\n\t\t\t\t<\/div>\n\t\t<div class=\"elementor-element elementor-element-ad735b2 e-flex e-con-boxed e-con e-parent\" data-id=\"ad735b2\" data-element_type=\"container\">\n\t\t\t\t\t<div class=\"e-con-inner\">\n\t\t\t\t<div class=\"elementor-element elementor-element-d661b3c elementor-widget elementor-widget-heading\" data-id=\"d661b3c\" data-element_type=\"widget\" data-widget_type=\"heading.default\">\n\t\t\t\t<div class=\"elementor-widget-container\">\n\t\t\t\t\t<h3 class=\"elementor-heading-title elementor-size-default\">7. Einsatz von Cookies<\/h3>\t\t\t\t<\/div>\n\t\t\t\t<\/div>\n\t\t\t\t<div class=\"elementor-element elementor-element-1eac12c elementor-widget elementor-widget-text-editor\" data-id=\"1eac12c\" data-element_type=\"widget\" data-widget_type=\"text-editor.default\">\n\t\t\t\t<div class=\"elementor-widget-container\">\n\t\t\t\t\t\t\t\t\t<p>Cookies sind kleine Textdateien, bzw. sonstige Speichervermerke, die Informationen auf Endger\u00e4ten speichern und Informationen aus den Endger\u00e4ten auslesen. Z. B. um den Login-Status in einem Nutzerkonto, einen Warenkorbinhalt in einem E-Shop, die aufgerufenen Inhalte oder verwendete Funktionen eines Onlineangebotes speichern. Cookies k\u00f6nnen ferner zu unterschiedlichen Zwecken eingesetzt werden, z. B. zu Zwecken der Funktionsf\u00e4higkeit, Sicherheit und Komfort von Onlineangeboten sowie der Erstellung von Analysen der Besucherstr\u00f6me.<\/p><p><strong>Hinweise zur Einwilligung:<\/strong> Wir setzen Cookies im Einklang mit den gesetzlichen Vorschriften ein. Daher holen wir von den Nutzern eine vorhergehende Einwilligung ein, au\u00dfer wenn diese gesetzlich nicht gefordert ist. Eine Einwilligung ist insbesondere nicht notwendig, wenn das Speichern und das Auslesen der Informationen, also auch von Cookies, unbedingt erforderlich sind, um dem den Nutzern einen von ihnen ausdr\u00fccklich gew\u00fcnschten Telemediendienst (also unser Onlineangebot) zur Verf\u00fcgung zu stellen. Zu den unbedingt erforderlichen Cookies geh\u00f6ren in der Regel Cookies mit Funktionen, die der Anzeige und Lauff\u00e4higkeit des Onlineangebotes , dem Lastausgleich, der Sicherheit, der Speicherung der Pr\u00e4ferenzen und Auswahlm\u00f6glichkeiten der Nutzer oder \u00e4hnlichen mit der Bereitstellung der Haupt- und Nebenfunktionen des von den Nutzern angeforderten Onlineangebotes zusammenh\u00e4ngenden Zwecken dienen. Die widerrufliche Einwilligung wird gegen\u00fcber den Nutzern deutlich kommuniziert und enth\u00e4lt die Informationen zu der jeweiligen Cookie-Nutzung.<\/p><p><strong>Hinweise zu datenschutzrechtlichen Rechtsgrundlagen:<\/strong> Auf welcher datenschutzrechtlichen Rechtsgrundlage wir die personenbezogenen Daten der Nutzer mit Hilfe von Cookies verarbeiten, h\u00e4ngt davon ab, ob wir Nutzer um eine Einwilligung bitten. Falls die Nutzer einwilligen, ist die Rechtsgrundlage der Verarbeitung Ihrer Daten die erkl\u00e4rte Einwilligung. Andernfalls werden die mithilfe von Cookies verarbeiteten Daten auf Grundlage unserer berechtigten Interessen (z. B. an einem betriebswirtschaftlichen Betrieb unseres Onlineangebotes und Verbesserung seiner Nutzbarkeit) verarbeitet oder, wenn dies im Rahmen der Erf\u00fcllung unserer vertraglichen Pflichten erfolgt, wenn der Einsatz von Cookies erforderlich ist, um unsere vertraglichen Verpflichtungen zu erf\u00fcllen. Zu welchen Zwecken die Cookies von uns verarbeitet werden, dar\u00fcber kl\u00e4ren wir im Laufe dieser Datenschutzerkl\u00e4rung oder im Rahmen von unseren Einwilligungs- und Verarbeitungsprozessen auf.<\/p><p><strong>Speicherdauer:<\/strong> Im Hinblick auf die Speicherdauer werden die folgenden Arten von Cookies unterschieden:<\/p><ul><li><strong>Tempor\u00e4re Cookies (auch: Session- oder Sitzungs-Cookies):<\/strong> Tempor\u00e4re Cookies werden sp\u00e4testens gel\u00f6scht, nachdem ein Nutzer ein Online-Angebot verlassen und sein Endger\u00e4t (z. B. Browser oder mobile Applikation) geschlossen hat.<\/li><li><strong>Permanente Cookies:<\/strong> Permanente Cookies bleiben auch nach dem Schlie\u00dfen des Endger\u00e4tes gespeichert. So k\u00f6nnen beispielsweise der Login-Status gespeichert oder bevorzugte Inhalte direkt angezeigt werden, wenn der Nutzer eine Website erneut besucht. Ebenso k\u00f6nnen die mit Hilfe von Cookies erhobenen Daten der Nutzer zur Reichweitenmessung verwendet werden. Sofern wir Nutzern keine expliziten Angaben zur Art und Speicherdauer von Cookies mitteilen (z. B. im Rahmen der Einholung der Einwilligung), sollten Nutzer davon ausgehen, dass Cookies permanent sind und die Speicherdauer bis zu zwei Jahre betragen kann.<\/li><\/ul><p><strong>Allgemeine Hinweise zum Widerruf und Widerspruch (sog. \u201eOpt-Out\u201c):<\/strong> Nutzer k\u00f6nnen die von ihnen abgegebenen Einwilligungen jederzeit widerrufen und der Verarbeitung entsprechend den gesetzlichen Vorgaben widersprechen. Hierzu k\u00f6nnen Nutzer unter anderem die Verwendung von Cookies in den Einstellungen ihres Browsers einschr\u00e4nken (wobei dadurch auch die Funktionalit\u00e4t unseres Onlineangebotes eingeschr\u00e4nkt sein kann). Ein Widerspruch gegen die Verwendung von Cookies zu Online-Marketing-Zwecken kann auch \u00fcber die Websites <a href=\"https:\/\/optout.aboutads.info\" target=\"_blank\" rel=\"noopener\">https:\/\/optout.aboutads.info<\/a> und <a href=\"https:\/\/www.youronlinechoices.com\/\" target=\"_blank\" rel=\"noopener\">https:\/\/www.youronlinechoices.com\/<\/a> erkl\u00e4rt werden.<\/p><p><strong>Cookie-Einstellungen\/ -Widerspruchsm\u00f6glichkeit:<\/strong><\/p>\t\t\t\t\t\t\t\t<\/div>\n\t\t\t\t<\/div>\n\t\t\t\t<div class=\"elementor-element elementor-element-f3f5b51 elementor-widget elementor-widget-button\" data-id=\"f3f5b51\" data-element_type=\"widget\" data-widget_type=\"button.default\">\n\t\t\t\t<div class=\"elementor-widget-container\">\n\t\t\t\t\t\t\t\t\t<div class=\"elementor-button-wrapper\">\n\t\t\t\t\t<a class=\"elementor-button elementor-button-link elementor-size-sm\" href=\"#\">\n\t\t\t\t\t\t<span class=\"elementor-button-content-wrapper\">\n\t\t\t\t\t\t\t\t\t<span class=\"elementor-button-text\">Cookie Einstellungen anpassen<\/span>\n\t\t\t\t\t<\/span>\n\t\t\t\t\t<\/a>\n\t\t\t\t<\/div>\n\t\t\t\t\t\t\t\t<\/div>\n\t\t\t\t<\/div>\n\t\t\t\t<div class=\"elementor-element elementor-element-a507c54 elementor-widget elementor-widget-heading\" data-id=\"a507c54\" data-element_type=\"widget\" data-widget_type=\"heading.default\">\n\t\t\t\t<div class=\"elementor-widget-container\">\n\t\t\t\t\t<h4 class=\"elementor-heading-title elementor-size-default\">Weitere Hinweise zu Verarbeitungsprozessen, Verfahren und Diensten:<\/h4>\t\t\t\t<\/div>\n\t\t\t\t<\/div>\n\t\t\t\t<div class=\"elementor-element elementor-element-5377e03 elementor-widget elementor-widget-text-editor\" data-id=\"5377e03\" data-element_type=\"widget\" data-widget_type=\"text-editor.default\">\n\t\t\t\t<div class=\"elementor-widget-container\">\n\t\t\t\t\t\t\t\t\t<ul><li><strong>Verarbeitung von Cookie-Daten auf Grundlage einer Einwilligung:<\/strong> Wir setzen ein Verfahren zum Cookie-Einwilligungs-Management ein, in dessen Rahmen die Einwilligungen der Nutzer in den Einsatz von Cookies, bzw. der im Rahmen des Cookie-Einwilligungs-Management-Verfahrens genannten Verarbeitungen und Anbieter eingeholt sowie von den Nutzern verwaltet und widerrufen werden k\u00f6nnen. Hierbei wird die Einwilligungserkl\u00e4rung gespeichert, um deren Abfrage nicht erneut wiederholen zu m\u00fcssen und die Einwilligung entsprechend der gesetzlichen Verpflichtung nachweisen zu k\u00f6nnen. Die Speicherung kann serverseitig und\/oder in einem Cookie (sogenanntes Opt-In-Cookie, bzw. mithilfe vergleichbarer Technologien) erfolgen, um die Einwilligung einem Nutzer, bzw. dessen Ger\u00e4t zuordnen zu k\u00f6nnen. Vorbehaltlich individueller Angaben zu den Anbietern von Cookie-Management-Diensten, gelten die folgenden Hinweise: Die Dauer der Speicherung der Einwilligung kann bis zu zwei Jahren betragen. Hierbei wird ein pseudonymer Nutzer-Identifikator gebildet und mit dem Zeitpunkt der Einwilligung, Angaben zur Reichweite der Einwilligung (z. B. welche Kategorien von Cookies und\/oder Diensteanbieter) sowie dem Browser, System und verwendeten Endger\u00e4t gespeichert; Rechtsgrundlagen: Einwilligung (Art. 6 Abs. 1 S. 1 lit. a) DSGVO).<\/li><li><strong>BorlabsCookie: <\/strong>Cookie-Einwilligungs-Management; Dienstanbieter: Ausf\u00fchrung auf Servern und\/oder Computern unter eigener datenschutzrechtlichen Verantwortlichkeit; Website: <a href=\"https:\/\/de.borlabs.io\/borlabs-cookie\/\" target=\"_blank\" rel=\"noopener\">https:\/\/de.borlabs.io\/borlabs-cookie\/<\/a>. Weitere Informationen: Es werden eine individuelle Nutzer-ID, Sprache sowie Arten der Einwilligungen und der Zeitpunkt ihrer Abgabe serverseitig und im Cookie auf dem Ger\u00e4t der Nutzer gespeichert.<\/li><\/ul><p>Diese Datenschutzerkl\u00e4rung kl\u00e4rt Sie \u00fcber die Art, den Umfang und Zweck der Verarbeitung von personenbezogenen Daten (nachfolgend kurz \u201eDaten\u201c) innerhalb unseres Onlineangebotes und der mit ihm verbundenen Webseiten, Funktionen und Inhalte sowie externen Onlinepr\u00e4senzen, wie z.B. unser Social Media Profile auf. (nachfolgend gemeinsam bezeichnet als \u201eOnlineangebot\u201c). Im Hinblick auf die verwendeten Begrifflichkeiten, wie z.B. \u201epersonenbezogene Daten\u201c oder deren \u201eVerarbeitung\u201c verweisen wir auf die Definitionen im Art. 4 der Datenschutzgrundverordnung (DSGVO).<\/p>\t\t\t\t\t\t\t\t<\/div>\n\t\t\t\t<\/div>\n\t\t\t\t\t<\/div>\n\t\t\t\t<\/div>\n\t\t<div class=\"elementor-element elementor-element-1219444 e-flex e-con-boxed e-con e-parent\" data-id=\"1219444\" data-element_type=\"container\">\n\t\t\t\t\t<div class=\"e-con-inner\">\n\t\t\t\t<div class=\"elementor-element elementor-element-d368098 elementor-widget elementor-widget-heading\" data-id=\"d368098\" data-element_type=\"widget\" data-widget_type=\"heading.default\">\n\t\t\t\t<div class=\"elementor-widget-container\">\n\t\t\t\t\t<h3 class=\"elementor-heading-title elementor-size-default\">8. Bereitstellung des Onlineangebotes und Webhosting<\/h3>\t\t\t\t<\/div>\n\t\t\t\t<\/div>\n\t\t\t\t<div class=\"elementor-element elementor-element-0c24fbc elementor-widget elementor-widget-text-editor\" data-id=\"0c24fbc\" data-element_type=\"widget\" data-widget_type=\"text-editor.default\">\n\t\t\t\t<div class=\"elementor-widget-container\">\n\t\t\t\t\t\t\t\t\t<p>Wir verarbeiten die Daten der Nutzer, um ihnen unsere Online-Dienste zur Verf\u00fcgung stellen zu k\u00f6nnen. Zu diesem Zweck verarbeiten wir die IP-Adresse des Nutzers, die notwendig ist, um die Inhalte und Funktionen unserer Online-Dienste an den Browser oder das Endger\u00e4t der Nutzer zu \u00fcbermitteln.<\/p><ul><li><strong>Verarbeitete Datenarten:<\/strong> Nutzungsdaten (z. B. besuchte Webseiten, Interesse an Inhalten, Zugriffszeiten); Meta-, Kommunikations- und Verfahrensdaten (z. .B. IP-Adressen, Zeitangaben, Identifikationsnummern, Einwilligungsstatus).<\/li><li><strong>Betroffene Personen:<\/strong> Nutzer (z. .B. Webseitenbesucher, Nutzer von Onlinediensten).<\/li><li><strong>Zwecke der Verarbeitung:<\/strong> Bereitstellung unseres Onlineangebotes und Nutzerfreundlichkeit; Informationstechnische Infrastruktur (Betrieb und Bereitstellung von Informationssystemen und technischen Ger\u00e4ten (Computer, Server etc.).). Sicherheitsma\u00dfnahmen.<\/li><li><strong>Rechtsgrundlagen:<\/strong> Berechtigte Interessen (Art. 6 Abs. 1 S. 1 lit. f) DSGVO).<\/li><\/ul>\t\t\t\t\t\t\t\t<\/div>\n\t\t\t\t<\/div>\n\t\t\t\t<div class=\"elementor-element elementor-element-b4cd5c2 elementor-widget elementor-widget-heading\" data-id=\"b4cd5c2\" data-element_type=\"widget\" data-widget_type=\"heading.default\">\n\t\t\t\t<div class=\"elementor-widget-container\">\n\t\t\t\t\t<h4 class=\"elementor-heading-title elementor-size-default\">Weitere Hinweise zu Verarbeitungsprozessen, Verfahren und Diensten:<\/h4>\t\t\t\t<\/div>\n\t\t\t\t<\/div>\n\t\t\t\t<div class=\"elementor-element elementor-element-6b1a077 elementor-widget elementor-widget-text-editor\" data-id=\"6b1a077\" data-element_type=\"widget\" data-widget_type=\"text-editor.default\">\n\t\t\t\t<div class=\"elementor-widget-container\">\n\t\t\t\t\t\t\t\t\t<ul><li><strong>Erhebung von Zugriffsdaten und Logfiles:<\/strong> Der Zugriff auf unser Onlineangebot wird in Form von so genannten \u201eServer-Logfiles\u201c protokolliert. Zu den Serverlogfiles k\u00f6nnen die Adresse und Name der abgerufenen Webseiten und Dateien, Datum und Uhrzeit des Abrufs, \u00fcbertragene Datenmengen, Meldung \u00fcber erfolgreichen Abruf, Browsertyp nebst Version, das Betriebssystem des Nutzers, Referrer URL (die zuvor besuchte Seite) und im Regelfall IP-Adressen und der anfragende Provider geh\u00f6ren. Die Serverlogfiles k\u00f6nnen zum einen zu Zwecken der Sicherheit eingesetzt werden, z. B., um eine \u00dcberlastung der Server zu vermeiden (insbesondere im Fall von missbr\u00e4uchlichen Angriffen, sogenannten DDoS-Attacken) und zum anderen, um die Auslastung der Server und ihre Stabilit\u00e4t sicherzustellen;\u00a0<strong style=\"text-align: var(--text-align);color: var( --e-global-color-text )\">Rechtsgrundlagen:<\/strong><span style=\"text-align: var(--text-align);color: var( --e-global-color-text )\"> Berechtigte Interessen (Art. 6 Abs. 1 S. 1 lit. f) DSGVO).\u00a0<\/span><strong style=\"text-align: var(--text-align);color: var( --e-global-color-text )\">L\u00f6schung von Daten:<\/strong><span style=\"text-align: var(--text-align);color: var( --e-global-color-text )\"> Logfile-Informationen werden f\u00fcr die Dauer von maximal 30 Tagen gespeichert und danach gel\u00f6scht oder anonymisiert. Daten, deren weitere Aufbewahrung zu Beweiszwecken erforderlich ist, sind bis zur endg\u00fcltigen Kl\u00e4rung des jeweiligen Vorfalls von der L\u00f6schung ausgenommen.<\/span><\/li><li><strong>Ionos:<\/strong> Leistungen auf dem Gebiet der Bereitstellung von informationstechnischer Infrastruktur und verbundenen Dienstleistungen (z. B. Speicherplatz und\/oder Rechenkapazit\u00e4ten); Dienstanbieter: IONOS SE, Elgendorfer Str. 57, 56410 Montabaur, Deutschland; Rechtsgrundlagen: Berechtigte Interessen (Art. 6 Abs. 1 S. 1 lit. f) DSGVO); Website: <a href=\"https:\/\/www.ionos.de\" target=\"_blank\" rel=\"noopener\">https:\/\/www.ionos.de<\/a>; Datenschutzerkl\u00e4rung: <a href=\"https:\/\/www.ionos.de\/terms-gtc\/datenschutzerklaerung\/\">https:\/\/www.ionos.de\/terms-gtc\/datenschutzerklaerung\/<\/a>; <strong>Auftragsverarbeitungsvertrag:<\/strong> Wird vom Dienstanbieter bereitgestellt.<\/li><\/ul>\t\t\t\t\t\t\t\t<\/div>\n\t\t\t\t<\/div>\n\t\t\t\t\t<\/div>\n\t\t\t\t<\/div>\n\t\t<div class=\"elementor-element elementor-element-c8d7ce3 e-flex e-con-boxed e-con e-parent\" data-id=\"c8d7ce3\" data-element_type=\"container\">\n\t\t\t\t\t<div class=\"e-con-inner\">\n\t\t\t\t<div class=\"elementor-element elementor-element-c88854f elementor-widget elementor-widget-heading\" data-id=\"c88854f\" data-element_type=\"widget\" data-widget_type=\"heading.default\">\n\t\t\t\t<div class=\"elementor-widget-container\">\n\t\t\t\t\t<h3 class=\"elementor-heading-title elementor-size-default\">9. Kontakt- und Anfragenverwaltung<\/h3>\t\t\t\t<\/div>\n\t\t\t\t<\/div>\n\t\t\t\t<div class=\"elementor-element elementor-element-99eb9a3 elementor-widget elementor-widget-text-editor\" data-id=\"99eb9a3\" data-element_type=\"widget\" data-widget_type=\"text-editor.default\">\n\t\t\t\t<div class=\"elementor-widget-container\">\n\t\t\t\t\t\t\t\t\t<p>Bei der Kontaktaufnahme mit uns (z. B. per Post, Kontaktformular, E-Mail, Telefon oder via soziale Medien) sowie im Rahmen bestehender Nutzer- und Gesch\u00e4ftsbeziehungen werden die Angaben der anfragenden Personen verarbeitet soweit dies zur Beantwortung der Kontaktanfragen und etwaiger angefragter Ma\u00dfnahmen erforderlich ist.<\/p><ul><li><strong>Verarbeitete Datenarten:<\/strong> Kontaktdaten (z. B. E-Mail, Telefonnummern); Inhaltsdaten (z. B. Eingaben in Onlineformularen); Nutzungsdaten (z. B. besuchte Webseiten, Interesse an Inhalten, Zugriffszeiten); Meta-, Kommunikations- und Verfahrensdaten (z.B. IP-Adressen, Zeitangaben, Identifikationsnummern, Einwilligungsstatus).<\/li><li><strong>Betroffene Personen:<\/strong> Kommunikationspartner.<\/li><li><strong>Zwecke der Verarbeitung:<\/strong> Kontaktanfragen und Kommunikation; Verwaltung und Beantwortung von Anfragen; Feedback (z. B. Sammeln von Feedback via Online-Formular). Bereitstellung unseres Onlineangebotes und Nutzerfreundlichkeit.<\/li><li><strong>Rechtsgrundlagen:<\/strong> Berechtigte Interessen (Art. 6 Abs. 1 S. 1 lit. f) DSGVO). Vertragserf\u00fcllung und vorvertragliche Anfragen (Art. 6 Abs. 1 S. 1 lit. b) DSGVO).<\/li><\/ul>\t\t\t\t\t\t\t\t<\/div>\n\t\t\t\t<\/div>\n\t\t\t\t<div class=\"elementor-element elementor-element-35b084e elementor-widget elementor-widget-heading\" data-id=\"35b084e\" data-element_type=\"widget\" data-widget_type=\"heading.default\">\n\t\t\t\t<div class=\"elementor-widget-container\">\n\t\t\t\t\t<h4 class=\"elementor-heading-title elementor-size-default\">Weitere Hinweise zu Verarbeitungsprozessen, Verfahren und Diensten:<\/h4>\t\t\t\t<\/div>\n\t\t\t\t<\/div>\n\t\t\t\t<div class=\"elementor-element elementor-element-347cb4f elementor-widget elementor-widget-text-editor\" data-id=\"347cb4f\" data-element_type=\"widget\" data-widget_type=\"text-editor.default\">\n\t\t\t\t<div class=\"elementor-widget-container\">\n\t\t\t\t\t\t\t\t\t<ul><li><strong>Kontaktformular:<\/strong> Wenn Nutzer \u00fcber unser Kontaktformular, E-Mail oder andere Kommunikationswege mit uns in Kontakt treten, verarbeiten wir die uns in diesem Zusammenhang mitgeteilten Daten zur Bearbeitung des mitgeteilten Anliegens; Rechtsgrundlagen: Vertragserf\u00fcllung und vorvertragliche Anfragen (Art. 6 Abs. 1 S. 1 lit. b) DSGVO), Berechtigte Interessen (Art. 6 Abs. 1 S. 1 lit. f) DSGVO).<\/li><\/ul>\t\t\t\t\t\t\t\t<\/div>\n\t\t\t\t<\/div>\n\t\t\t\t\t<\/div>\n\t\t\t\t<\/div>\n\t\t<div class=\"elementor-element elementor-element-6f0b323 e-flex e-con-boxed e-con e-parent\" data-id=\"6f0b323\" data-element_type=\"container\">\n\t\t\t\t\t<div class=\"e-con-inner\">\n\t\t\t\t<div class=\"elementor-element elementor-element-387a92a elementor-widget elementor-widget-heading\" data-id=\"387a92a\" data-element_type=\"widget\" data-widget_type=\"heading.default\">\n\t\t\t\t<div class=\"elementor-widget-container\">\n\t\t\t\t\t<h3 class=\"elementor-heading-title elementor-size-default\">10. Bewerbungsverfahren<\/h3>\t\t\t\t<\/div>\n\t\t\t\t<\/div>\n\t\t\t\t<div class=\"elementor-element elementor-element-38d009d elementor-widget elementor-widget-text-editor\" data-id=\"38d009d\" data-element_type=\"widget\" data-widget_type=\"text-editor.default\">\n\t\t\t\t<div class=\"elementor-widget-container\">\n\t\t\t\t\t\t\t\t\t<p>Das Bewerbungsverfahren setzt voraus, dass Bewerber uns die f\u00fcr deren Beurteilung und Auswahl erforderlichen Daten mitteilen. Welche Informationen erforderlich sind, ergibt sich aus der Stellenbeschreibung oder im Fall von Onlineformularen aus den dortigen Angaben.<\/p><p>Grunds\u00e4tzlich geh\u00f6ren zu den erforderlichen Angaben, die Informationen zur Person, wie der Name, die Adresse, eine Kontaktm\u00f6glichkeit sowie die Nachweise \u00fcber die f\u00fcr eine Stelle notwendigen Qualifikationen. Auf Anfragen teilen wir zus\u00e4tzlich gerne mit, welche Angaben ben\u00f6tigt werden.<\/p><p>Sofern zur Verf\u00fcgung gestellt, k\u00f6nnen uns Bewerber ihre Bewerbungen mittels eines Onlineformulars \u00fcbermitteln. Die Daten werden entsprechend dem Stand der Technik verschl\u00fcsselt an uns \u00fcbertragen. Ebenfalls k\u00f6nnen Bewerber uns ihre Bewerbungen via E-Mail \u00fcbermitteln. Hierbei bitten wir jedoch zu beachten, dass E-Mails im Internet grunds\u00e4tzlich nicht verschl\u00fcsselt versendet werden. Im Regelfall werden E-Mails zwar auf dem Transportweg verschl\u00fcsselt, aber nicht auf den Servern von denen sie abgesendet und empfangen werden. Wir k\u00f6nnen daher f\u00fcr den \u00dcbertragungsweg der Bewerbung zwischen dem Absender und dem Empfang auf unserem Server keine Verantwortung \u00fcbernehmen.<\/p><p>F\u00fcr Zwecke der Bewerbersuche, Einreichung von Bewerbungen und Auswahl von Bewerbern k\u00f6nnen wir unter Beachtung der gesetzlichen Vorgaben, Bewerbermanagement-, bzw. Recruitment-Software und Plattformen und Leistungen von Drittanbietern in Anspruch nehmen.<\/p><p>Bewerber k\u00f6nnen uns gerne zur Art der Einreichung der Bewerbung kontaktieren oder uns die Bewerbung auf dem Postweg zuzusenden.<\/p><p><strong>Verarbeitung besonderer Kategorien von Daten:<\/strong> Soweit im Rahmen des Bewerbungsverfahrens besondere Kategorien von personenbezogenen Daten (Art. 9 Abs. 1 DSGVO, z. B. Gesundheitsdaten, wie z. B. Schwerbehinderteneigenschaft oder ethnische Herkunft) bei Bewerbern angefragt oder von diesen mitgeteilt werden, erfolgt deren Verarbeitung damit der Verantwortliche oder die betroffene Person die ihm bzw. ihr aus dem Arbeitsrecht und dem Recht der sozialen Sicherheit und des Sozialschutzes erwachsenden Rechte aus\u00fcben und seinen bzw. ihren diesbez\u00fcglichen Pflichten nachkommen kann, im Fall des Schutzes lebenswichtiger Interessen der Bewerber oder anderer Personen oder f\u00fcr Zwecke der Gesundheitsvorsorge oder der Arbeitsmedizin, f\u00fcr die Beurteilung der Arbeitsf\u00e4higkeit des Besch\u00e4ftigten, f\u00fcr die medizinische Diagnostik, f\u00fcr die Versorgung oder Behandlung im Gesundheits- oder Sozialbereich oder f\u00fcr die Verwaltung von Systemen und Diensten im Gesundheits- oder Sozialbereich.<\/p><p><strong>L\u00f6schung von Daten:<\/strong> Die von den Bewerbern zur Verf\u00fcgung gestellten Daten k\u00f6nnen im Fall einer erfolgreichen Bewerbung f\u00fcr die Zwecke des Besch\u00e4ftigungsverh\u00e4ltnisses von uns weiterverarbeitet werden. Andernfalls, sofern die Bewerbung auf ein Stellenangebot nicht erfolgreich ist, werden die Daten der Bewerber gel\u00f6scht. Die Daten der Bewerber werden ebenfalls gel\u00f6scht, wenn eine Bewerbung zur\u00fcckgezogen wird, wozu die Bewerber jederzeit berechtigt sind. Die L\u00f6schung erfolgt, vorbehaltlich eines berechtigten Widerrufs der Bewerber, sp\u00e4testens nach dem Ablauf eines Zeitraums von sechs Monaten, damit wir etwaige Anschlussfragen zu der Bewerbung beantworten und unseren Nachweispflichten aus den Vorschriften zur Gleichbehandlung von Bewerbern nachkommen k\u00f6nnen. Rechnungen \u00fcber etwaige Reisekostenerstattung werden entsprechend den steuerrechtlichen Vorgaben archiviert.<\/p><p><strong>Aufnahme in einen Bewerberpool:<\/strong> Die Aufnahme in einen Bewerber-Pool, sofern angeboten, erfolgt auf Grundlage einer Einwilligung. Die Bewerber werden dar\u00fcber belehrt, dass ihre Zustimmung zur Aufnahme in den Talentpool freiwillig ist, keinen Einfluss auf das laufende Bewerbungsverfahren hat und sie ihre Einwilligung jederzeit f\u00fcr die Zukunft widerrufen k\u00f6nnen.<\/p><ul><li><strong>Verarbeitete Datenarten:<\/strong> Bestandsdaten (z. B. Namen, Adressen); Kontaktdaten (z. B. E-Mail, Telefonnummern); Inhaltsdaten (z. B. Eingaben in Onlineformularen); Bewerberdaten (z. B. Angaben zur Person, Post- und Kontaktadressen, die zur Bewerbung geh\u00f6renden Unterlagen und die darin enthaltenen Informationen, wie z. .B. Anschreiben, Lebenslauf, Zeugnisse sowie weitere im Hinblick auf eine konkrete Stelle oder freiwillig von Bewerbern mitgeteilte Informationen zu deren Person oder Qualifikation).<\/li><li><strong>Betroffene Personen:<\/strong><\/li><li><strong>Zwecke der Verarbeitung:<\/strong> Bewerbungsverfahren (Begr\u00fcndung und etwaige sp\u00e4tere Durchf\u00fchrung sowie m\u00f6gliche sp\u00e4tere Beendigung des Besch\u00e4ftigungsverh\u00e4ltnisses).<\/li><li><strong>Rechtsgrundlagen:<\/strong> Bewerbungsverfahren als vorvertragliches bzw. vertragliches Verh\u00e4ltnis (Art. 6 Abs. 1 S. 1 lit. b) DSGVO). Berechtigte Interessen (Art. 6 Abs. 1 S. 1 lit. f) DSGVO).<\/li><\/ul>\t\t\t\t\t\t\t\t<\/div>\n\t\t\t\t<\/div>\n\t\t\t\t\t<\/div>\n\t\t\t\t<\/div>\n\t\t<div class=\"elementor-element elementor-element-a6d6324 e-flex e-con-boxed e-con e-parent\" data-id=\"a6d6324\" data-element_type=\"container\">\n\t\t\t\t\t<div class=\"e-con-inner\">\n\t\t\t\t<div class=\"elementor-element elementor-element-72b43ae elementor-widget elementor-widget-heading\" data-id=\"72b43ae\" data-element_type=\"widget\" data-widget_type=\"heading.default\">\n\t\t\t\t<div class=\"elementor-widget-container\">\n\t\t\t\t\t<h3 class=\"elementor-heading-title elementor-size-default\">11. Webanalyse, Monitoring und Optimierung<\/h3>\t\t\t\t<\/div>\n\t\t\t\t<\/div>\n\t\t\t\t<div class=\"elementor-element elementor-element-d31241a elementor-widget elementor-widget-text-editor\" data-id=\"d31241a\" data-element_type=\"widget\" data-widget_type=\"text-editor.default\">\n\t\t\t\t<div class=\"elementor-widget-container\">\n\t\t\t\t\t\t\t\t\t<p>Die Webanalyse (auch als \u201eReichweitenmessung\u201c bezeichnet) dient der Auswertung der Besucherstr\u00f6me unseres Onlineangebotes und kann Verhalten, Interessen oder demographische Informationen zu den Besuchern, wie z. B. das Alter oder das Geschlecht, als pseudonyme Werte umfassen. Mit Hilfe der Reichweitenanalyse k\u00f6nnen wir z. B. erkennen, zu welcher Zeit unser Onlineangebot oder dessen Funktionen oder Inhalte am h\u00e4ufigsten genutzt werden oder zur Wiederverwendung einladen. Ebenso k\u00f6nnen wir nachvollziehen, welche Bereiche der Optimierung bed\u00fcrfen.<\/p><p>Neben der Webanalyse k\u00f6nnen wir auch Testverfahren einsetzen, um z. B. unterschiedliche Versionen unseres Onlineangebotes oder seiner Bestandteile zu testen und optimieren.<\/p><p>Sofern nachfolgend nicht anders angegeben, k\u00f6nnen zu diesen Zwecken Profile, d. h. zu einem Nutzungsvorgang zusammengefasste Daten angelegt und Informationen in einem Browser, bzw. in einem Endger\u00e4t gespeichert und aus diesem ausgelesen werden. Zu den erhobenen Angaben geh\u00f6ren insbesondere besuchte Webseiten und dort genutzte Elemente sowie technische Angaben, wie der verwendete Browser, das verwendete Computersystem sowie Angaben zu Nutzungszeiten. Sofern Nutzer in die Erhebung ihrer Standortdaten uns gegen\u00fcber oder gegen\u00fcber den Anbietern der von uns eingesetzten Dienste einverstanden erkl\u00e4rt haben, k\u00f6nnen auch Standortdaten verarbeitet werden.<\/p><p>Es werden ebenfalls die IP-Adressen der Nutzer gespeichert. Jedoch nutzen wir ein IP-Masking-Verfahren (d. h. Pseudonymisierung durch K\u00fcrzung der IP-Adresse) zum Schutz der Nutzer. Generell werden die im Rahmen von Webanalyse, A\/B-Testings und Optimierung keine Klardaten der Nutzer (wie z. B. E-Mail-Adressen oder Namen) gespeichert, sondern Pseudonyme. D. h. wir als auch die Anbieter der eingesetzten Software kennen nicht die tats\u00e4chliche Identit\u00e4t der Nutzer, sondern nur den f\u00fcr Zwecke der jeweiligen Verfahren in deren Profilen gespeicherten Angaben.<\/p><ul><li><strong>Verarbeitete Datenarten:<\/strong> Nutzungsdaten (z. B. besuchte Webseiten, Interesse an Inhalten, Zugriffszeiten); Meta-, Kommunikations- und Verfahrensdaten (z. .B. IP-Adressen, Zeitangaben, Identifikationsnummern, Einwilligungsstatus).<\/li><li><strong>Betroffene Personen:<\/strong> Nutzer (z.B. Webseitenbesucher, Nutzer von Onlinediensten).<\/li><li><strong>Zwecke der Verarbeitung:<\/strong> Reichweitenmessung (z. B. Zugriffsstatistiken, Erkennung wiederkehrender Besucher); Profile mit nutzerbezogenen Informationen (Erstellen von Nutzerprofilen); Bereitstellung unseres Onlineangebotes und Nutzerfreundlichkeit.<\/li><li><strong>Sicherheitsma\u00dfnahmen:<\/strong> IP-Masking (Pseudonymisierung der IP-Adresse).<\/li><li><strong>Rechtsgrundlagen:<\/strong> Einwilligung (Art. 6 Abs. 1 S. 1 lit. a) DSGVO).<\/li><\/ul>\t\t\t\t\t\t\t\t<\/div>\n\t\t\t\t<\/div>\n\t\t\t\t<div class=\"elementor-element elementor-element-429f128 elementor-widget elementor-widget-heading\" data-id=\"429f128\" data-element_type=\"widget\" data-widget_type=\"heading.default\">\n\t\t\t\t<div class=\"elementor-widget-container\">\n\t\t\t\t\t<h4 class=\"elementor-heading-title elementor-size-default\">Weitere Hinweise zu Verarbeitungsprozessen, Verfahren und Diensten:<\/h4>\t\t\t\t<\/div>\n\t\t\t\t<\/div>\n\t\t\t\t<div class=\"elementor-element elementor-element-afca453 elementor-widget elementor-widget-text-editor\" data-id=\"afca453\" data-element_type=\"widget\" data-widget_type=\"text-editor.default\">\n\t\t\t\t<div class=\"elementor-widget-container\">\n\t\t\t\t\t\t\t\t\t<ul><li><strong>Google Analytics 4:<\/strong> Wir verwenden Google Analytics zur Messung und Analyse der Nutzung unseres Onlineangebotes auf der Grundlage einer pseudonymen Nutzeridentifikationsnummer. Diese Identifikationsnummer enth\u00e4lt keine eindeutigen Daten, wie Namen oder E-Mail-Adressen. Sie dient dazu, Analyseinformationen einem Endger\u00e4t zuzuordnen, um zu erkennen, welche Inhalte die Nutzer innerhalb eines oder verschiedener Nutzungsvorg\u00e4nge aufgerufen haben, welche Suchbegriffe sie verwendet haben, diese erneut aufgerufen haben oder mit unserem Onlineangebot interagiert haben. Ebenso werden der Zeitpunkt der Nutzung und deren Dauer gespeichert, sowie die Quellen der Nutzer, die auf unser Onlineangebot verweisen und technische Aspekte ihrer Endger\u00e4te und Browser. Dabei werden pseudonyme Profile von Nutzern mit Informationen aus der Nutzung verschiedener Ger\u00e4te erstellt, wobei Cookies eingesetzt werden k\u00f6nnen. Google Analytics protokolliert und speichert keine individuellen IP-Adressen f\u00fcr EU-Nutzer. Analytics stellt jedoch grobe geografische Standortdaten bereit, indem es die folgenden Metadaten von IP-Adressen ableitet: Stadt (und der abgeleitete Breiten- und L\u00e4ngengrad der Stadt), Kontinent, Land, Region, Subkontinent (und ID-basierte Gegenst\u00fccke). Beim EU-Datenverkehr werden die IP-Adressdaten ausschlie\u00dflich f\u00fcr diese Ableitung von Geolokalisierungsdaten verwendet, bevor sie sofort gel\u00f6scht werden. Sie werden nicht protokolliert, sind nicht zug\u00e4nglich und werden nicht f\u00fcr weitere Verwendungszwecke genutzt. Wenn Google Analytics Messdaten sammelt, werden alle IP-Abfragen auf EU-basierten Servern durchgef\u00fchrt, bevor der Verkehr zur Verarbeitung an Analytics-Server weitergeleitet wird; Dienstanbieter: Google Ireland Limited, Gordon House, Barrow Street, Dublin 4, Irland; Rechtsgrundlagen: Einwilligung (Art. 6 Abs. 1 S. 1 lit. a) DSGVO); Website: <a href=\"https:\/\/marketingplatform.google.com\/intl\/de\/about\/analytics\/\" target=\"_blank\" rel=\"noopener\">https:\/\/marketingplatform.google.com\/intl\/de\/about\/analytics\/<\/a>; Datenschutzerkl\u00e4rung: <a href=\"https:\/\/policies.google.com\/privacy\" target=\"_blank\" rel=\"noopener\">https:\/\/policies.google.com\/privacy<\/a>; Auftragsverarbeitungsvertrag: <a href=\"https:\/\/business.safety.google\/adsprocessorterms\/\" target=\"_blank\" rel=\"noopener\">https:\/\/business.safety.google\/adsprocessorterms\/<\/a>; Grundlage Drittland\u00fcbermittlung: EU-US Data Privacy Framework (DPF), Standardvertragsklauseln (<a href=\"https:\/\/business.safety.google\/adsprocessorterms\" target=\"_blank\" rel=\"noopener\">https:\/\/business.safety.google\/adsprocessorterms<\/a>); Widerspruchsm\u00f6glichkeit (Opt-Out): Opt-Out-Plugin: <a href=\"https:\/\/tools.google.com\/dlpage\/gaoptout?hl=de\" target=\"_blank\" rel=\"noopener\">https:\/\/tools.google.com\/dlpage\/gaoptout?hl=de<\/a>,\u00a0 Einstellungen f\u00fcr die Darstellung von Werbeeinblendungen: https:\/\/myadcenter.google.com\/personalizationoff. Weitere Informationen: <a href=\"https:\/\/business.safety.google\/adsservices\/\" target=\"_blank\" rel=\"noopener\">https:\/\/business.safety.google\/adsservices\/<\/a> (Arten der Verarbeitung sowie der verarbeiteten Daten).<\/li><li><strong>Google Tag Manager:<\/strong> Google Tag Manager ist eine L\u00f6sung, mit der wir sog. Website-Tags \u00fcber eine Oberfl\u00e4che verwalten und so andere Dienste in unser Onlineangebot einbinden k\u00f6nnen (hierzu wird auf weitere Angaben in dieser Datenschutzerkl\u00e4rung verwiesen). Mit dem Tag Manager selbst (welches die Tags implementiert) werden daher z. B. noch keine Profile der Nutzer erstellt oder Cookies gespeichert. Google erf\u00e4hrt lediglich die IP-Adresse des Nutzers, was notwendig ist, um den Google Tag Manager auszuf\u00fchren; Dienstanbieter: Google Ireland Limited, Gordon House, Barrow Street, Dublin 4, Irland; Rechtsgrundlagen: Einwilligung (Art. 6 Abs. 1 S. 1 lit. a) DSGVO); Website: <a href=\"https:\/\/marketingplatform.google.com\" target=\"_blank\" rel=\"noopener\">https:\/\/marketingplatform.google.com<\/a>; Datenschutzerkl\u00e4rung: <a href=\"https:\/\/policies.google.com\/privacy\" target=\"_blank\" rel=\"noopener\">https:\/\/policies.google.com\/privacy<\/a>; Auftragsverarbeitungsvertrag: <a href=\"https:\/\/business.safety.google\/adsprocessorterms\" target=\"_blank\" rel=\"noopener\">https:\/\/business.safety.google\/adsprocessorterms<\/a>. Grundlage Drittland\u00fcbermittlung: EU-US Data Privacy Framework (DPF), Standardvertragsklauseln (<a href=\"https:\/\/business.safety.google\/adsprocessorterms\" target=\"_blank\" rel=\"noopener\">https:\/\/business.safety.google\/adsprocessorterms<\/a>).<\/li><\/ul>\t\t\t\t\t\t\t\t<\/div>\n\t\t\t\t<\/div>\n\t\t\t\t\t<\/div>\n\t\t\t\t<\/div>\n\t\t<div class=\"elementor-element elementor-element-b8cbcef e-flex e-con-boxed e-con e-parent\" data-id=\"b8cbcef\" data-element_type=\"container\">\n\t\t\t\t\t<div class=\"e-con-inner\">\n\t\t\t\t<div class=\"elementor-element elementor-element-934e20d elementor-widget elementor-widget-heading\" data-id=\"934e20d\" data-element_type=\"widget\" data-widget_type=\"heading.default\">\n\t\t\t\t<div class=\"elementor-widget-container\">\n\t\t\t\t\t<h3 class=\"elementor-heading-title elementor-size-default\">12. Onlinemarketing<\/h3>\t\t\t\t<\/div>\n\t\t\t\t<\/div>\n\t\t\t\t<div class=\"elementor-element elementor-element-0ee1055 elementor-widget elementor-widget-text-editor\" data-id=\"0ee1055\" data-element_type=\"widget\" data-widget_type=\"text-editor.default\">\n\t\t\t\t<div class=\"elementor-widget-container\">\n\t\t\t\t\t\t\t\t\t<p>Wir verarbeiten personenbezogene Daten zu Zwecken des Onlinemarketings, worunter insbesondere die Vermarktung von Werbefl\u00e4chen oder Darstellung von werbenden und sonstigen Inhalten (zusammenfassend als \u201eInhalte\u201c bezeichnet) anhand potentieller Interessen der Nutzer sowie die Messung ihrer Effektivit\u00e4t fallen kann.<\/p><p>Zu diesen Zwecken werden sogenannte Nutzerprofile angelegt und in einer Datei (sogenanntes \u201eCookie\u201c) gespeichert oder es werden \u00e4hnliche Verfahren genutzt, mittels derer die f\u00fcr die Darstellung der vorgenannten Inhalte relevante Angaben zum Nutzer gespeichert werden. Zu diesen Angaben k\u00f6nnen z. B. betrachtete Inhalte, besuchte Webseiten, genutzte Onlinenetzwerke, aber auch Kommunikationspartner und technische Angaben, wie der verwendete Browser, das verwendete Computersystem sowie Angaben zu Nutzungszeiten und genutzten Funktionen geh\u00f6ren. Sofern Nutzer in die Erhebung ihrer Standortdaten eingewilligt haben, k\u00f6nnen auch diese verarbeitet werden.<\/p><p>Es werden ebenfalls die IP-Adressen der Nutzer gespeichert. Jedoch nutzen wir zur Verf\u00fcgung stehende IP-Masking-Verfahren (d. h., Pseudonymisierung durch K\u00fcrzung der IP-Adresse) zum Schutz der Nutzer. Generell werden im Rahmen des Onlinemarketingverfahren keine Klardaten der Nutzer (wie z. B. E-Mail-Adressen oder Namen) gespeichert, sondern Pseudonyme. D. h., wir als auch die Anbieter der Onlinemarketingverfahren kennen nicht die tats\u00e4chliche Identit\u00e4t der Nutzer, sondern nur die in deren Profilen gespeicherten Angaben.<\/p><p>Die Angaben in den Profilen werden im Regelfall in den Cookies oder mittels \u00e4hnlicher Verfahren gespeichert. Diese Cookies k\u00f6nnen sp\u00e4ter generell auch auf anderen Webseiten die dasselbe Onlinemarketingverfahren einsetzen, ausgelesen und zu Zwecken der Darstellung von Inhalten analysiert als auch mit weiteren Daten erg\u00e4nzt und auf dem Server des Onlinemarketingverfahrensanbieters gespeichert werden.<\/p><p>Ausnahmsweise k\u00f6nnen Klardaten den Profilen zugeordnet werden. Das ist der Fall, wenn die Nutzer z. B. Mitglieder eines sozialen Netzwerks sind, dessen Onlinemarketingverfahren wir einsetzen und das Netzwerk die Profile der Nutzer mit den vorgenannten Angaben verbindet. Wir bitten darum, zu beachten, dass Nutzer mit den Anbietern zus\u00e4tzliche Abreden, z. B. durch Einwilligung im Rahmen der Registrierung, treffen k\u00f6nnen.<\/p><p>Wir erhalten grunds\u00e4tzlich nur Zugang zu zusammengefassten Informationen \u00fcber den Erfolg unserer Werbeanzeigen. Jedoch k\u00f6nnen wir im Rahmen sogenannter Konversionsmessungen pr\u00fcfen, welche unserer Onlinemarketingverfahren zu einer sogenannten Konversion gef\u00fchrt haben, d. h. z. B., zu einem Vertragsschluss mit uns. Die Konversionsmessung wird alleine zur Analyse des Erfolgs unserer Marketingma\u00dfnahmen verwendet.<\/p><p>Solange nicht anders angegeben, bitten wir Sie davon auszugehen, dass verwendete Cookies f\u00fcr einen Zeitraum von zwei Jahren gespeichert werden.<\/p><ul><li><strong>Verarbeitete Datenarten:<\/strong> Inhaltsdaten (z. B. Eingaben in Onlineformularen); Nutzungsdaten (z. B. besuchte Webseiten, Interesse an Inhalten, Zugriffszeiten); Meta-, Kommunikations- und Verfahrensdaten (z. B. IP-Adressen, Zeitangaben, Identifikationsnummern, Einwilligungsstatus); Event-Daten (Facebook) (\u201eEvent-Daten\u201c sind Daten, die z. B. via Facebook-Pixel (via Apps oder auf anderen Wegen) von uns an Facebook \u00fcbermittelt werden k\u00f6nnen und sich auf Personen oder deren Handlungen beziehen; Zu den Daten geh\u00f6ren z. B. Angaben \u00fcber Besuche auf Websites, Interaktionen mit Inhalten, Funktionen, Installationen von Apps, K\u00e4ufe von Produkten, etc.; die Event-Daten werden zwecks Bildung von Zielgruppen f\u00fcr Inhalte und Werbeinformationen (Custom Audiences) verarbeitet; Event Daten beinhalten nicht die eigentlichen Inhalte (wie z. B. verfasste Kommentare), keine Login-Informationen und keine Kontaktinformationen (also keine Namen, E-Mail-Adressen und Telefonnummern). Event Daten werden durch Facebook nach maximal zwei Jahren gel\u00f6scht, die aus ihnen gebildeten Zielgruppen mit der L\u00f6schung unseres Facebook-Kontos); Bestandsdaten (z. .B. Namen, Adressen).<\/li><li><strong>Betroffene Personen:<\/strong> Nutzer (z. B. Webseitenbesucher, Nutzer von Onlinediensten). Kunden.<\/li><li><strong>Zwecke der Verarbeitung:<\/strong> Reichweitenmessung (z. B. Zugriffsstatistiken, Erkennung wiederkehrender Besucher); Tracking (z. B. interessens-\/verhaltensbezogenes Profiling, Nutzung von Cookies); Konversionsmessung (Messung der Effektivit\u00e4t von Marketingma\u00dfnahmen); Zielgruppenbildung; Marketing; Profile mit nutzerbezogenen Informationen (Erstellen von Nutzerprofilen); Bereitstellung unseres Onlineangebotes und Nutzerfreundlichkeit. Remarketing.<\/li><li><strong>Sicherheitsma\u00dfnahmen:<\/strong> IP-Masking (Pseudonymisierung der IP-Adresse).<\/li><li>Rechtsgrundlagen: Einwilligung (Art. 6 Abs. 1 S. 1 lit. a) DSGVO). Berechtigte Interessen (Art. 6 Abs. 1 S. 1 lit. f) DSGVO).<\/li><li><strong>Widerspruchsm\u00f6glichkeit (Opt-Out):<\/strong> Wir verweisen auf die Datenschutzhinweise der jeweiligen Anbieter und die zu den Anbietern angegebenen Widerspruchsm\u00f6glichkeiten (sog. \u201eOpt-Out\u201c). Sofern keine explizite Opt-Out-M\u00f6glichkeit angegeben wurde, besteht zum einen die M\u00f6glichkeit, dass Sie Cookies in den Einstellungen Ihres Browsers abschalten. Hierdurch k\u00f6nnen jedoch Funktionen unseres Onlineangebotes eingeschr\u00e4nkt werden. Wir empfehlen daher zus\u00e4tzlich die folgenden Opt-Out-M\u00f6glichkeiten, die zusammenfassend auf jeweilige Gebiete gerichtet angeboten werden:<br \/>a) Europa: <a href=\"https:\/\/www.youronlinechoices.eu\" target=\"_blank\" rel=\"noopener\">https:\/\/www.youronlinechoices.eu<\/a>.<br \/>b) Kanada: <a href=\"https:\/\/www.youradchoices.ca\/choices\" target=\"_blank\" rel=\"noopener\">https:\/\/www.youradchoices.ca\/choices<\/a>.<br \/>c) USA: <a href=\"https:\/\/optout.aboutads.info\" target=\"_blank\" rel=\"noopener\">https:\/\/optout.aboutads.info<\/a>.<br \/>d) Gebiets\u00fcbergreifend: <a href=\"https:\/\/optout.aboutads.info\" target=\"_blank\" rel=\"noopener\">https:\/\/optout.aboutads.info<\/a>.<\/li><\/ul>\t\t\t\t\t\t\t\t<\/div>\n\t\t\t\t<\/div>\n\t\t\t\t<div class=\"elementor-element elementor-element-463ab43 elementor-widget elementor-widget-heading\" data-id=\"463ab43\" data-element_type=\"widget\" data-widget_type=\"heading.default\">\n\t\t\t\t<div class=\"elementor-widget-container\">\n\t\t\t\t\t<h4 class=\"elementor-heading-title elementor-size-default\">Weitere Hinweise zu Verarbeitungsprozessen, Verfahren und Diensten:<\/h4>\t\t\t\t<\/div>\n\t\t\t\t<\/div>\n\t\t\t\t<div class=\"elementor-element elementor-element-6ce79ed elementor-widget elementor-widget-text-editor\" data-id=\"6ce79ed\" data-element_type=\"widget\" data-widget_type=\"text-editor.default\">\n\t\t\t\t<div class=\"elementor-widget-container\">\n\t\t\t\t\t\t\t\t\t<ul><li><strong>Google Ads und Konversionsmessung:<\/strong> Online-Marketing-Verfahren zum Zwecke der Platzierung von Inhalten und Anzeigen innerhalb des Werbenetzwerks des Diensteanbieters (z. B. in Suchergebnissen, in Videos, auf Webseiten usw.), so dass sie Nutzern angezeigt werden, die ein mutma\u00dfliches Interesse an den Anzeigen haben. Dar\u00fcber hinaus messen wir die Konversion der Anzeigen, d. h. ob die Nutzer sie zum Anlass genommen haben, mit den Anzeigen zu interagieren und die beworbenen Angebote zu nutzen (sog. Conversion). Wir erhalten jedoch nur anonyme Informationen und keine pers\u00f6nlichen Informationen \u00fcber einzelne Nutzer; Dienstanbieter: Google Ireland Limited, Gordon House, Barrow Street, Dublin 4, Irland; Rechtsgrundlagen: Einwilligung (Art. 6 Abs. 1 S. 1 lit. a) DSGVO), Berechtigte Interessen (Art. 6 Abs. 1 S. 1 lit. f) DSGVO); Website: <a href=\"https:\/\/marketingplatform.google.com\" target=\"_blank\" rel=\"noopener\">https:\/\/marketingplatform.google.com<\/a>; Datenschutzerkl\u00e4rung: <a href=\"https:\/\/policies.google.com\/privacy\" target=\"_blank\" rel=\"noopener\">https:\/\/policies.google.com\/privacy<\/a>; Grundlage Drittland\u00fcbermittlung: EU-US Data Privacy Framework (DPF); Weitere Informationen: Arten der Verarbeitung sowie der verarbeiteten Daten: <a href=\"https:\/\/business.safety.google\/adsservices\/\" target=\"_blank\" rel=\"noopener\">https:\/\/business.safety.google\/adsservices\/<\/a>. Datenverarbeitungsbedingungen zwischen Verantwortlichen und Standardvertragsklauseln f\u00fcr Drittlandtransfers von Daten: <a href=\"https:\/\/business.safety.google\/adscontrollerterms\" target=\"_blank\" rel=\"noopener\">https:\/\/business.safety.google\/adscontrollerterms<\/a>.<\/li><li><strong>Google Ads Remarketing:<\/strong> Google Remarketing, auch Retargeting genannt, ist eine Technologie, mit der Nutzer, die einen Online-Dienst nutzen, in eine pseudonyme Remarketing-Liste aufgenommen werden, so dass den Nutzern auf der Grundlage ihres Besuchs bei dem Online-Dienst Anzeigen auf anderen Onlineanageboten angezeigt werden k\u00f6nnen; Dienstanbieter: Google Ireland Limited, Gordon House, Barrow Street, Dublin 4, Irland; Rechtsgrundlagen: Einwilligung (Art. 6 Abs. 1 S. 1 lit. a) DSGVO); Website: <a href=\"https:\/\/marketingplatform.google.com\" target=\"_blank\" rel=\"noopener\">https:\/\/marketingplatform.google.com<\/a>; Datenschutzerkl\u00e4rung: <a href=\"https:\/\/policies.google.com\/privacy\" target=\"_blank\" rel=\"noopener\">https:\/\/policies.google.com\/privacy<\/a>; Grundlage Drittland\u00fcbermittlung: EU-US Data Privacy Framework (DPF); Weitere Informationen: Arten der Verarbeitung sowie der verarbeiteten Daten: <a href=\"https:\/\/business.safety.google\/adsservices\/\" target=\"_blank\" rel=\"noopener\">https:\/\/business.safety.google\/adsservices\/<\/a>. Datenverarbeitungsbedingungen zwischen Verantwortlichen und Standardvertragsklauseln f\u00fcr Drittlandtransfers von Daten: <a href=\"https:\/\/business.safety.google\/adscontrollerterms\" target=\"_blank\" rel=\"noopener\">https:\/\/business.safety.google\/adscontrollerterms<\/a>.<\/li><li><strong>Erweiterte Conversions f\u00fcr Google Ads:<\/strong> Wenn Kunden auf unsere Google-Anzeigen klicken und anschlie\u00dfend die beworbene Dienstleistung in Anspruch nehmen (sog. \u201eKonversion\u201c), k\u00f6nnen die vom Nutzer eingegebenen Daten, wie z. B. die E-Mail-Adresse, der Name, die Wohnanschrift oder die Telefonnummer, an Google \u00fcbermittelt werden. Die Hash-Werte werden dann mit bestehenden Google-Konten der Nutzer abgeglichen, um die Interaktion der Nutzer mit den Anzeigen (z. B. Klicks oder Views) und damit deren Leistung besser auswerten und verbessern zu k\u00f6nnen; Rechtsgrundlagen: Einwilligung (Art. 6 Abs. 1 S. 1 lit. a) DSGVO). Website: <a href=\"https:\/\/support.google.com\/google-ads\/answer\/9888656\" target=\"_blank\" rel=\"noopener\">https:\/\/support.google.com\/google-ads\/answer\/9888656<\/a>.<\/li><\/ul>\t\t\t\t\t\t\t\t<\/div>\n\t\t\t\t<\/div>\n\t\t\t\t\t<\/div>\n\t\t\t\t<\/div>\n\t\t<div class=\"elementor-element elementor-element-09eab3d e-flex e-con-boxed e-con e-parent\" data-id=\"09eab3d\" data-element_type=\"container\">\n\t\t\t\t\t<div class=\"e-con-inner\">\n\t\t\t\t<div class=\"elementor-element elementor-element-3618f19 elementor-widget elementor-widget-heading\" data-id=\"3618f19\" data-element_type=\"widget\" data-widget_type=\"heading.default\">\n\t\t\t\t<div class=\"elementor-widget-container\">\n\t\t\t\t\t<h3 class=\"elementor-heading-title elementor-size-default\">13. Pr\u00e4senzen in sozialen Netzwerken (Social Media)<\/h3>\t\t\t\t<\/div>\n\t\t\t\t<\/div>\n\t\t\t\t<div class=\"elementor-element elementor-element-a834ff6 elementor-widget elementor-widget-text-editor\" data-id=\"a834ff6\" data-element_type=\"widget\" data-widget_type=\"text-editor.default\">\n\t\t\t\t<div class=\"elementor-widget-container\">\n\t\t\t\t\t\t\t\t\t<p>Wir unterhalten Onlinepr\u00e4senzen innerhalb sozialer Netzwerke und verarbeiten in diesem Rahmen Daten der Nutzer, um mit den dort aktiven Nutzern zu kommunizieren oder um Informationen \u00fcber uns anzubieten.<\/p><p>Wir weisen darauf hin, dass dabei Daten der Nutzer au\u00dferhalb des Raumes der Europ\u00e4ischen Union verarbeitet werden k\u00f6nnen. Hierdurch k\u00f6nnen sich f\u00fcr die Nutzer Risiken ergeben, weil so z. B. die Durchsetzung der Rechte der Nutzer erschwert werden k\u00f6nnte.<\/p><p>Ferner werden die Daten der Nutzer innerhalb sozialer Netzwerke im Regelfall f\u00fcr Marktforschungs- und Werbezwecke verarbeitet. So k\u00f6nnen z. B. anhand des Nutzungsverhaltens und sich daraus ergebender Interessen der Nutzer Nutzungsprofile erstellt werden. Die Nutzungsprofile k\u00f6nnen wiederum verwendet werden, um z. B. Werbeanzeigen innerhalb und au\u00dferhalb der Netzwerke zu schalten, die mutma\u00dflich den Interessen der Nutzer entsprechen. Zu diesen Zwecken werden im Regelfall Cookies auf den Rechnern der Nutzer gespeichert, in denen das Nutzungsverhalten und die Interessen der Nutzer gespeichert werden. Ferner k\u00f6nnen in den Nutzungsprofilen auch Daten unabh\u00e4ngig der von den Nutzern verwendeten Ger\u00e4te gespeichert werden (insbesondere, wenn die Nutzer Mitglieder der jeweiligen Plattformen sind und bei diesen eingeloggt sind).<\/p><p>F\u00fcr eine detaillierte Darstellung der jeweiligen Verarbeitungsformen und der Widerspruchsm\u00f6glichkeiten (Opt-Out) verweisen wir auf die Datenschutzerkl\u00e4rungen und Angaben der Betreiber der jeweiligen Netzwerke.<\/p><p>Auch im Fall von Auskunftsanfragen und der Geltendmachung von Betroffenenrechten weisen wir darauf hin, dass diese am effektivsten bei den Anbietern geltend gemacht werden k\u00f6nnen. Nur die Anbieter haben jeweils Zugriff auf die Daten der Nutzer und k\u00f6nnen direkt entsprechende Ma\u00dfnahmen ergreifen und Ausk\u00fcnfte geben. Sollten Sie dennoch Hilfe ben\u00f6tigen, dann k\u00f6nnen Sie sich an uns wenden.<\/p><ul><li><strong>Verarbeitete Datenarten:<\/strong> Kontaktdaten (z. B. E-Mail, Telefonnummern); Inhaltsdaten (z. B. Eingaben in Onlineformularen); Nutzungsdaten (z. B. besuchte Webseiten, Interesse an Inhalten, Zugriffszeiten); Meta-, Kommunikations- und Verfahrensdaten (z. .B. IP-Adressen, Zeitangaben, Identifikationsnummern, Einwilligungsstatus).<\/li><li><strong>Betroffene Personen:<\/strong> Nutzer (z. .B. Webseitenbesucher, Nutzer von Onlinediensten).<\/li><li><strong>Zwecke der Verarbeitung:<\/strong> Kontaktanfragen und Kommunikation; Feedback (z. B. Sammeln von Feedback via Online-Formular). Marketing.<\/li><li><strong>Rechtsgrundlagen:<\/strong> Berechtigte Interessen (Art. 6 Abs. 1 S. 1 lit. f) DSGVO).<\/li><\/ul>\t\t\t\t\t\t\t\t<\/div>\n\t\t\t\t<\/div>\n\t\t\t\t<div class=\"elementor-element elementor-element-9d07d01 elementor-widget elementor-widget-heading\" data-id=\"9d07d01\" data-element_type=\"widget\" data-widget_type=\"heading.default\">\n\t\t\t\t<div class=\"elementor-widget-container\">\n\t\t\t\t\t<h4 class=\"elementor-heading-title elementor-size-default\">Weitere Hinweise zu Verarbeitungsprozessen, Verfahren und Diensten:<\/h4>\t\t\t\t<\/div>\n\t\t\t\t<\/div>\n\t\t\t\t<div class=\"elementor-element elementor-element-a1951f7 elementor-widget elementor-widget-text-editor\" data-id=\"a1951f7\" data-element_type=\"widget\" data-widget_type=\"text-editor.default\">\n\t\t\t\t<div class=\"elementor-widget-container\">\n\t\t\t\t\t\t\t\t\t<p><strong>Instagram:<\/strong> Soziales Netzwerk; Dienstanbieter: Meta Platforms Ireland Limited, Merrion Road, Dublin 4, D04 X2K5, Irland; Rechtsgrundlagen: Berechtigte Interessen (Art. 6 Abs. 1 S. 1 lit. f) DSGVO); Website: <a href=\"https:\/\/www.instagram.com\" target=\"_blank\" rel=\"noopener\">https:\/\/www.instagram.com<\/a>. Datenschutzerkl\u00e4rung: <a href=\"https:\/\/instagram.com\/about\/legal\/privacy\" target=\"_blank\" rel=\"noopener\">https:\/\/instagram.com\/about\/legal\/privacy<\/a>.<\/p><p><strong>Facebook-Seiten:<\/strong> Profile innerhalb des sozialen Netzwerks Facebook; Dienstanbieter: Meta Platforms Ireland Limited, Merrion Road, Dublin 4, D04 X2K5, Irland; Rechtsgrundlagen: Berechtigte Interessen (Art. 6 Abs. 1 S. 1 lit. f) DSGVO); Website: <a href=\"https:\/\/www.facebook.com\" target=\"_blank\" rel=\"noopener\">https:\/\/www.facebook.com<\/a>; Datenschutzerkl\u00e4rung: <a href=\"https:\/\/www.facebook.com\/about\/privacy\" target=\"_blank\" rel=\"noopener\">https:\/\/www.facebook.com\/about\/privacy<\/a>; Grundlage Drittland\u00fcbermittlung:\u00a0 EU-US Data Privacy Framework (DPF), Standardvertragsklauseln (<a href=\"https:\/\/www.facebook.com\/legal\/EU_data_transfer_addendum\" target=\"_blank\" rel=\"noopener\">https:\/\/www.facebook.com\/legal\/EU_data_transfer_addendum<\/a>); Weitere Informationen: Wir sind gemeinsam mit Meta Platforms Ireland Limited f\u00fcr die Erhebung (jedoch nicht die weitere Verarbeitung) von Daten der Besucher unserer Facebook-Seite (sog. \u201eFanpage\u201c) verantwortlich. Zu diesen Daten geh\u00f6ren Informationen zu den Arten von Inhalten, die Nutzer sich ansehen oder mit denen sie interagieren, oder die von ihnen vorgenommenen Handlungen (siehe unter \u201eVon dir und anderen get\u00e4tigte und bereitgestellte Dinge\u201c in der Facebook-Datenrichtlinie: <a href=\"https:\/\/www.facebook.com\/policy\" target=\"_blank\" rel=\"noopener\">https:\/\/www.facebook.com\/policy<\/a>), sowie Informationen \u00fcber die von den Nutzern genutzten Ger\u00e4te (z. B. IP-Adressen, Betriebssystem, Browsertyp, Spracheinstellungen, Cookie-Daten; siehe unter \u201eGer\u00e4teinformationen\u201c in der Facebook-Datenrichtlinie: <a href=\"https:\/\/www.facebook.com\/policy\" target=\"_blank\" rel=\"noopener\">https:\/\/www.facebook.com\/policy<\/a>). Wie in der Facebook-Datenrichtlinie unter \u201eWie verwenden wir diese Informationen?\u201c erl\u00e4utert, erhebt und verwendet Facebook Informationen auch, um Analysedienste, so genannte \u201eSeiten-Insights\u201c, f\u00fcr Seitenbetreiber bereitzustellen, damit diese Erkenntnisse dar\u00fcber erhalten, wie Personen mit ihren Seiten und mit den mit ihnen verbundenen Inhalten interagieren. Wir haben mit Facebook eine spezielle Vereinbarung abgeschlossen (\u201eInformationen zu Seiten-Insights\u201c, <a href=\"https:\/\/www.facebook.com\/legal\/terms\/page_controller_addendum\" target=\"_blank\" rel=\"noopener\">https:\/\/www.facebook.com\/legal\/terms\/page_controller_addendum<\/a>), in der insbesondere geregelt wird, welche Sicherheitsma\u00dfnahmen Facebook beachten muss und in der Facebook sich bereit erkl\u00e4rt hat die Betroffenenrechte zu erf\u00fcllen (d. h. Nutzer k\u00f6nnen z. .B. Ausk\u00fcnfte oder L\u00f6schungsanfragen direkt an Facebook richten). Die Rechte der Nutzer (insbesondere auf Auskunft, L\u00f6schung, Widerspruch und Beschwerde bei zust\u00e4ndiger Aufsichtsbeh\u00f6rde), werden durch die Vereinbarungen mit Facebook nicht eingeschr\u00e4nkt. Weitere Hinweise finden sich in den \u201eInformationen zu Seiten-Insights\u201c (<a href=\"https:\/\/www.facebook.com\/legal\/terms\/information_about_page_insights_data\" target=\"_blank\" rel=\"noopener\">https:\/\/www.facebook.com\/legal\/terms\/information_about_page_insights_data<\/a>). Die gemeinsame Verantwortlichkeit beschr\u00e4nkt sich auf die Erhebung durch und \u00dcbermittlung von Daten an Meta Platforms Ireland Limited, ein Unternehmen mit Sitz in der EU. Die weitere Verarbeitung der Daten liegt in der alleinigen Verantwortung von Meta Platforms Ireland Limited, was insbesondere die \u00dcbermittlung der Daten an die Muttergesellschaft Meta Platforms, Inc. in den USA betrifft.<\/p><p><strong>LinkedIn:<\/strong> Soziales Netzwerk; Dienstanbieter: LinkedIn Ireland Unlimited Company, Wilton Place, Dublin 2, Irland; Rechtsgrundlagen: Berechtigte Interessen (Art. 6 Abs. 1 S. 1 lit. f) DSGVO); Website: <a href=\"https:\/\/www.linkedin.com\" target=\"_blank\" rel=\"noopener\">https:\/\/www.linkedin.com<\/a>; Datenschutzerkl\u00e4rung: <a href=\"https:\/\/www.linkedin.com\/legal\/privacy-policy\" target=\"_blank\" rel=\"noopener\">https:\/\/www.linkedin.com\/legal\/privacy-policy<\/a>; Grundlage Drittland\u00fcbermittlung:\u00a0 EU-US Data Privacy Framework (DPF), Standardvertragsklauseln (<a href=\"https:\/\/legal.linkedin.com\/dpa\" target=\"_blank\" rel=\"noopener\">https:\/\/legal.linkedin.com\/dpa<\/a>); Widerspruchsm\u00f6glichkeit (Opt-Out): <a href=\"https:\/\/www.linkedin.com\/psettings\/guest-controls\/retargeting-opt-out\" target=\"_blank\" rel=\"noopener\">https:\/\/www.linkedin.com\/psettings\/guest-controls\/retargeting-opt-out<\/a>; Weitere Informationen: Wir sind gemeinsam mit LinkedIn Irland Unlimited Company f\u00fcr die Erhebung (jedoch nicht die weitere Verarbeitung) von Daten der Besucher, die zu Zwecken der Erstellung der \u201ePage-Insights\u201c (Statistiken) unserer LinkedIn-Profile verantwortlich.<\/p><p>Zu diesen Daten geh\u00f6ren Informationen zu den Arten von Inhalten, die Nutzer sich ansehen oder mit denen sie interagieren, oder die von ihnen vorgenommenen Handlungen sowie Informationen \u00fcber die von den Nutzern genutzten Ger\u00e4te (z. B. IP-Adressen, Betriebssystem, Browsertyp, Spracheinstellungen, Cookie-Daten) und Angaben aus dem Profil der Nutzer, wie Berufsfunktion, Land, Branche, Hierarchieebene, Unternehmensgr\u00f6\u00dfe und Besch\u00e4ftigungsstatus. Datenschutzinformationen zur Verarbeitung von Daten der Nutzer durch LinkedIn k\u00f6nnen den Datenschutzhinweisen von LinkedIn entnommen werden: <a href=\"https:\/\/www.linkedin.com\/legal\/privacy-policy\" target=\"_blank\" rel=\"noopener\">https:\/\/www.linkedin.com\/legal\/privacy-policy<\/a><\/p><p>Wir haben mit LinkedIn Irland eine spezielle Vereinbarung abgeschlossen (\u201ePage Insights Joint Controller Addendum (the \u201aAddendum\u2018)\u201c, <a href=\"https:\/\/legal.linkedin.com\/pages-joint-controller-addendum\" target=\"_blank\" rel=\"noopener\">https:\/\/legal.linkedin.com\/pages-joint-controller-addendum<\/a>), in der insbesondere geregelt wird, welche Sicherheitsma\u00dfnahmen LinkedIn beachten muss und in der LinkedIn sich bereit erkl\u00e4rt hat die Betroffenenrechte zu erf\u00fcllen (d. h. Nutzer k\u00f6nnen z. .B. Ausk\u00fcnfte oder L\u00f6schungsanfragen direkt an LinkedIn richten). Die Rechte der Nutzer (insbesondere auf Auskunft, L\u00f6schung, Widerspruch und Beschwerde bei zust\u00e4ndiger Aufsichtsbeh\u00f6rde), werden durch die Vereinbarungen mit LinkedIn nicht eingeschr\u00e4nkt. Die gemeinsame Verantwortlichkeit beschr\u00e4nkt sich auf die Erhebung der Daten durch und die \u00dcbermittlung an die Ireland Unlimited Company, ein Unternehmen mit Sitz in der EU. Die weitere Verarbeitung der Daten obliegt ausschlie\u00dflich der Ireland Unlimited Company, was insbesondere die \u00dcbermittlung der Daten an die Muttergesellschaft LinkedIn Corporation in den USA betrifft.<\/p><p><strong>YouTube:<\/strong> Soziales Netzwerk und Videoplattform; Dienstanbieter: Google Ireland Limited, Gordon House, Barrow Street, Dublin 4, Irland; Rechtsgrundlagen: Berechtigte Interessen (Art. 6 Abs. 1 S. 1 lit. f) DSGVO); Datenschutzerkl\u00e4rung: <a href=\"https:\/\/policies.google.com\/privacy\" target=\"_blank\" rel=\"noopener\">https:\/\/policies.google.com\/privacy<\/a>; Grundlage Drittlandtransfers: Data Privacy Framework (DPF); Widerspruchsm\u00f6glichkeit (Opt-Out): <a href=\"https:\/\/myadcenter.google.com\/personalizationoff\" target=\"_blank\" rel=\"noopener\">https:\/\/myadcenter.google.com\/personalizationoff<\/a>.<\/p>\t\t\t\t\t\t\t\t<\/div>\n\t\t\t\t<\/div>\n\t\t\t\t\t<\/div>\n\t\t\t\t<\/div>\n\t\t<div class=\"elementor-element elementor-element-935deea e-flex e-con-boxed e-con e-parent\" data-id=\"935deea\" data-element_type=\"container\">\n\t\t\t\t\t<div class=\"e-con-inner\">\n\t\t\t\t<div class=\"elementor-element elementor-element-fcd0141 elementor-widget elementor-widget-heading\" data-id=\"fcd0141\" data-element_type=\"widget\" data-widget_type=\"heading.default\">\n\t\t\t\t<div class=\"elementor-widget-container\">\n\t\t\t\t\t<h3 class=\"elementor-heading-title elementor-size-default\">14. Plugins und eingebettete Funktionen sowie Inhalte<\/h3>\t\t\t\t<\/div>\n\t\t\t\t<\/div>\n\t\t\t\t<div class=\"elementor-element elementor-element-b2841fa elementor-widget elementor-widget-text-editor\" data-id=\"b2841fa\" data-element_type=\"widget\" data-widget_type=\"text-editor.default\">\n\t\t\t\t<div class=\"elementor-widget-container\">\n\t\t\t\t\t\t\t\t\t<p>Wir binden in unser Onlineangebot Funktions- und Inhaltselemente ein, die von den Servern ihrer jeweiligen Anbieter (nachfolgend bezeichnet als \u201eDrittanbieter\u201c) bezogen werden. Dabei kann es sich zum Beispiel um Grafiken, Videos oder Stadtpl\u00e4ne handeln (nachfolgend einheitlich bezeichnet als \u201eInhalte\u201c).<\/p><p>Die Einbindung setzt immer voraus, dass die Drittanbieter dieser Inhalte die IP-Adresse der Nutzer verarbeiten, da sie ohne die IP-Adresse die Inhalte nicht an deren Browser senden k\u00f6nnten. Die IP-Adresse ist damit f\u00fcr die Darstellung dieser Inhalte oder Funktionen erforderlich. Wir bem\u00fchen uns, nur solche Inhalte zu verwenden, deren jeweilige Anbieter die IP-Adresse lediglich zur Auslieferung der Inhalte verwenden. Drittanbieter k\u00f6nnen ferner sogenannte Pixel-Tags (unsichtbare Grafiken, auch als \u201eWeb Beacons\u201c bezeichnet) f\u00fcr statistische oder Marketingzwecke verwenden. Durch die \u201ePixel-Tags\u201c k\u00f6nnen Informationen, wie der Besucherverkehr auf den Seiten dieser Webseite, ausgewertet werden. Die pseudonymen Informationen k\u00f6nnen ferner in Cookies auf dem Ger\u00e4t der Nutzer gespeichert werden und unter anderem technische Informationen zum Browser und zum Betriebssystem, zu verweisenden Webseiten, zur Besuchszeit sowie weitere Angaben zur Nutzung unseres Onlineangebotes enthalten als auch mit solchen Informationen aus anderen Quellen verbunden werden.<\/p><ul><li><strong>Verarbeitete Datenarten:<\/strong> Nutzungsdaten (z. B. besuchte Webseiten, Interesse an Inhalten, Zugriffszeiten); Meta-, Kommunikations- und Verfahrensdaten (z. B. IP-Adressen, Zeitangaben, Identifikationsnummern, Einwilligungsstatus); Standortdaten (Angaben zur geografischen Position eines Ger\u00e4tes oder einer Person); Kontaktdaten (z. B. E-Mail, Telefonnummern); Inhaltsdaten (z. .B. Eingaben in Onlineformularen).<\/li><li><strong>Betroffene Personen:<\/strong> Nutzer (z. .B. Webseitenbesucher, Nutzer von Onlinediensten).<\/li><li><strong>Zwecke der Verarbeitung:<\/strong> Bereitstellung unseres Onlineangebotes und Nutzerfreundlichkeit; Erbringung vertraglicher Leistungen und Erf\u00fcllung vertraglicher Pflichten; Feedback (z. .B. Sammeln von Feedback via Online-Formular).<\/li><li><strong>Rechtsgrundlagen: <\/strong>Berechtigte Interessen (Art. 6 Abs. 1 S. 1 lit. f) DSGVO). Einwilligung (Art. 6 Abs. 1 S. 1 lit. a) DSGVO).<\/li><\/ul>\t\t\t\t\t\t\t\t<\/div>\n\t\t\t\t<\/div>\n\t\t\t\t<div class=\"elementor-element elementor-element-79ea713 elementor-widget elementor-widget-heading\" data-id=\"79ea713\" data-element_type=\"widget\" data-widget_type=\"heading.default\">\n\t\t\t\t<div class=\"elementor-widget-container\">\n\t\t\t\t\t<h4 class=\"elementor-heading-title elementor-size-default\">Weitere Hinweise zu Verarbeitungsprozessen, Verfahren und Diensten:<\/h4>\t\t\t\t<\/div>\n\t\t\t\t<\/div>\n\t\t\t\t<div class=\"elementor-element elementor-element-9f849c8 elementor-widget elementor-widget-text-editor\" data-id=\"9f849c8\" data-element_type=\"widget\" data-widget_type=\"text-editor.default\">\n\t\t\t\t<div class=\"elementor-widget-container\">\n\t\t\t\t\t\t\t\t\t<p><strong>Google Fonts<\/strong> (Bereitstellung auf eigenem Server): Bereitstellung von Schriftarten-Dateien zwecks einer nutzerfreundlichen Darstellung unseres Onlineangebotes; Dienstanbieter: Die Google Fonts werden auf unserem Server gehostet, es werden keine Daten an Google \u00fcbermittelt; Rechtsgrundlagen: Berechtigte Interessen (Art. 6 Abs. 1 S. 1 lit. f) DSGVO).<\/p>\t\t\t\t\t\t\t\t<\/div>\n\t\t\t\t<\/div>\n\t\t\t\t\t<\/div>\n\t\t\t\t<\/div>\n\t\t<div class=\"elementor-element elementor-element-ba85da1 e-flex e-con-boxed e-con e-parent\" data-id=\"ba85da1\" data-element_type=\"container\">\n\t\t\t\t\t<div class=\"e-con-inner\">\n\t\t\t\t<div class=\"elementor-element elementor-element-c54fc1d elementor-widget elementor-widget-heading\" data-id=\"c54fc1d\" data-element_type=\"widget\" data-widget_type=\"heading.default\">\n\t\t\t\t<div class=\"elementor-widget-container\">\n\t\t\t\t\t<h3 class=\"elementor-heading-title elementor-size-default\">15. \u00c4nderung und Aktualisierung der Datenschutzerkl\u00e4rung<\/h3>\t\t\t\t<\/div>\n\t\t\t\t<\/div>\n\t\t\t\t<div class=\"elementor-element elementor-element-32c0b24 elementor-widget elementor-widget-text-editor\" data-id=\"32c0b24\" data-element_type=\"widget\" data-widget_type=\"text-editor.default\">\n\t\t\t\t<div class=\"elementor-widget-container\">\n\t\t\t\t\t\t\t\t\t<p>Wir bitten Sie, sich regelm\u00e4\u00dfig \u00fcber den Inhalt unserer Datenschutzerkl\u00e4rung zu informieren. Wir passen die Datenschutzerkl\u00e4rung an, sobald die \u00c4nderungen der von uns durchgef\u00fchrten Datenverarbeitungen dies erforderlich machen. Wir informieren Sie, sobald durch die \u00c4nderungen eine Mitwirkungshandlung Ihrerseits (z. B. Einwilligung) oder eine sonstige individuelle Benachrichtigung erforderlich wird.<\/p><p>Sofern wir in dieser Datenschutzerkl\u00e4rung Adressen und Kontaktinformationen von Unternehmen und Organisationen angeben, bitten wir zu beachten, dass die Adressen sich \u00fcber die Zeit \u00e4ndern k\u00f6nnen und bitten die Angaben vor Kontaktaufnahme zu pr\u00fcfen.<\/p>\t\t\t\t\t\t\t\t<\/div>\n\t\t\t\t<\/div>\n\t\t\t\t\t<\/div>\n\t\t\t\t<\/div>\n\t\t\t\t<\/div>\n\t\t","protected":false},"excerpt":{"rendered":"<p>Datenschutz&shy;erkl\u00e4rung Datenschutzhinweise der PSL Systemtechnik GmbH Diese Datenschutzerkl\u00e4rung kl\u00e4rt Sie \u00fcber die Art, den Umfang und Zweck der Verarbeitung von personenbezogenen Daten (nachfolgend kurz \u201eDaten\u201c) innerhalb unseres Onlineangebotes und der mit ihm verbundenen Webseiten, Funktionen und Inhalte sowie externen Onlinepr\u00e4senzen, wie z.B. unser Social Media Profile auf. (nachfolgend gemeinsam bezeichnet als \u201eOnlineangebot\u201c). Im Hinblick auf&#8230;<\/p>\n","protected":false},"author":1,"featured_media":0,"parent":0,"menu_order":0,"comment_status":"closed","ping_status":"open","template":"elementor_header_footer","meta":{"_kad_post_transparent":"","_kad_post_title":"hide","_kad_post_layout":"fullwidth","_kad_post_sidebar_id":"","_kad_post_content_style":"unboxed","_kad_post_vertical_padding":"hide","_kad_post_feature":"hide","_kad_post_feature_position":"","_kad_post_header":false,"_kad_post_footer":false,"footnotes":""},"class_list":["post-3","page","type-page","status-publish","hentry"],"yoast_head":"<!-- This site is optimized with the Yoast SEO plugin v27.4 - https:\/\/yoast.com\/product\/yoast-seo-wordpress\/ -->\n<title>Datenschutzerkl\u00e4rung &#187; PSL Systemtechnik<\/title>\n<meta name=\"robots\" content=\"noindex, follow\" \/>\n<meta property=\"og:locale\" content=\"de_DE\" \/>\n<meta property=\"og:type\" content=\"article\" \/>\n<meta property=\"og:title\" content=\"Datenschutzerkl\u00e4rung &#187; PSL Systemtechnik\" \/>\n<meta property=\"og:description\" content=\"Datenschutz&shy;erkl\u00e4rung Datenschutzhinweise der PSL Systemtechnik GmbH Diese Datenschutzerkl\u00e4rung kl\u00e4rt Sie \u00fcber die Art, den Umfang und Zweck der Verarbeitung von personenbezogenen Daten (nachfolgend kurz \u201eDaten\u201c) innerhalb unseres Onlineangebotes und der mit ihm verbundenen Webseiten, Funktionen und Inhalte sowie externen Onlinepr\u00e4senzen, wie z.B. unser Social Media Profile auf. (nachfolgend gemeinsam bezeichnet als \u201eOnlineangebot\u201c). Im Hinblick auf...\" \/>\n<meta property=\"og:url\" content=\"https:\/\/psl-systemtechnik.com\/de\/datenschutz\/\" \/>\n<meta property=\"og:site_name\" content=\"PSL Systemtechnik\" \/>\n<meta property=\"article:publisher\" content=\"https:\/\/www.facebook.com\/PSL.Systemtechnik\" \/>\n<meta property=\"article:modified_time\" content=\"2025-11-28T15:20:46+00:00\" \/>\n<meta name=\"twitter:card\" content=\"summary_large_image\" \/>\n<meta name=\"twitter:label1\" content=\"Gesch\u00e4tzte Lesezeit\" \/>\n\t<meta name=\"twitter:data1\" content=\"38\u00a0Minuten\" \/>\n<script type=\"application\/ld+json\" class=\"yoast-schema-graph\">{\"@context\":\"https:\\\/\\\/schema.org\",\"@graph\":[{\"@type\":\"WebPage\",\"@id\":\"https:\\\/\\\/psl-systemtechnik.com\\\/de\\\/datenschutz\\\/\",\"url\":\"https:\\\/\\\/psl-systemtechnik.com\\\/de\\\/datenschutz\\\/\",\"name\":\"Datenschutzerkl\u00e4rung &#187; PSL Systemtechnik\",\"isPartOf\":{\"@id\":\"https:\\\/\\\/psl-systemtechnik.com\\\/de\\\/#website\"},\"datePublished\":\"2023-12-20T08:34:15+00:00\",\"dateModified\":\"2025-11-28T15:20:46+00:00\",\"breadcrumb\":{\"@id\":\"https:\\\/\\\/psl-systemtechnik.com\\\/de\\\/datenschutz\\\/#breadcrumb\"},\"inLanguage\":\"de\",\"potentialAction\":[{\"@type\":\"ReadAction\",\"target\":[\"https:\\\/\\\/psl-systemtechnik.com\\\/de\\\/datenschutz\\\/\"]}]},{\"@type\":\"BreadcrumbList\",\"@id\":\"https:\\\/\\\/psl-systemtechnik.com\\\/de\\\/datenschutz\\\/#breadcrumb\",\"itemListElement\":[{\"@type\":\"ListItem\",\"position\":1,\"name\":\"Startseite\",\"item\":\"https:\\\/\\\/psl-systemtechnik.com\\\/de\\\/\"},{\"@type\":\"ListItem\",\"position\":2,\"name\":\"Datenschutzerkl\u00e4rung\"}]},{\"@type\":\"WebSite\",\"@id\":\"https:\\\/\\\/psl-systemtechnik.com\\\/de\\\/#website\",\"url\":\"https:\\\/\\\/psl-systemtechnik.com\\\/de\\\/\",\"name\":\"PSL Systemtechnik GmbH\",\"description\":\"Lab Instruments for Oil and Gas\",\"publisher\":{\"@id\":\"https:\\\/\\\/psl-systemtechnik.com\\\/de\\\/#organization\"},\"alternateName\":\"PSL\",\"potentialAction\":[{\"@type\":\"SearchAction\",\"target\":{\"@type\":\"EntryPoint\",\"urlTemplate\":\"https:\\\/\\\/psl-systemtechnik.com\\\/de\\\/?s={search_term_string}\"},\"query-input\":{\"@type\":\"PropertyValueSpecification\",\"valueRequired\":true,\"valueName\":\"search_term_string\"}}],\"inLanguage\":\"de\"},{\"@type\":\"Organization\",\"@id\":\"https:\\\/\\\/psl-systemtechnik.com\\\/de\\\/#organization\",\"name\":\"PSL Systemtechnik GmbH\",\"url\":\"https:\\\/\\\/psl-systemtechnik.com\\\/de\\\/\",\"logo\":{\"@type\":\"ImageObject\",\"inLanguage\":\"de\",\"@id\":\"https:\\\/\\\/psl-systemtechnik.com\\\/de\\\/#\\\/schema\\\/logo\\\/image\\\/\",\"url\":\"https:\\\/\\\/psl-systemtechnik.com\\\/wp-content\\\/uploads\\\/2023\\\/12\\\/cropped-psl-systemtechnik-logo-mit-claim-web.png\",\"contentUrl\":\"https:\\\/\\\/psl-systemtechnik.com\\\/wp-content\\\/uploads\\\/2023\\\/12\\\/cropped-psl-systemtechnik-logo-mit-claim-web.png\",\"width\":1000,\"height\":303,\"caption\":\"PSL Systemtechnik GmbH\"},\"image\":{\"@id\":\"https:\\\/\\\/psl-systemtechnik.com\\\/de\\\/#\\\/schema\\\/logo\\\/image\\\/\"},\"sameAs\":[\"https:\\\/\\\/www.facebook.com\\\/PSL.Systemtechnik\",\"https:\\\/\\\/www.linkedin.com\\\/company\\\/psl-systemtechnik-gmbh\\\/\"]}]}<\/script>\n<!-- \/ Yoast SEO plugin. -->","yoast_head_json":{"title":"Datenschutzerkl\u00e4rung &#187; PSL Systemtechnik","robots":{"index":"noindex","follow":"follow"},"og_locale":"de_DE","og_type":"article","og_title":"Datenschutzerkl\u00e4rung &#187; PSL Systemtechnik","og_description":"Datenschutz&shy;erkl\u00e4rung Datenschutzhinweise der PSL Systemtechnik GmbH Diese Datenschutzerkl\u00e4rung kl\u00e4rt Sie \u00fcber die Art, den Umfang und Zweck der Verarbeitung von personenbezogenen Daten (nachfolgend kurz \u201eDaten\u201c) innerhalb unseres Onlineangebotes und der mit ihm verbundenen Webseiten, Funktionen und Inhalte sowie externen Onlinepr\u00e4senzen, wie z.B. unser Social Media Profile auf. (nachfolgend gemeinsam bezeichnet als \u201eOnlineangebot\u201c). Im Hinblick auf...","og_url":"https:\/\/psl-systemtechnik.com\/de\/datenschutz\/","og_site_name":"PSL Systemtechnik","article_publisher":"https:\/\/www.facebook.com\/PSL.Systemtechnik","article_modified_time":"2025-11-28T15:20:46+00:00","twitter_card":"summary_large_image","twitter_misc":{"Gesch\u00e4tzte Lesezeit":"38\u00a0Minuten"},"schema":{"@context":"https:\/\/schema.org","@graph":[{"@type":"WebPage","@id":"https:\/\/psl-systemtechnik.com\/de\/datenschutz\/","url":"https:\/\/psl-systemtechnik.com\/de\/datenschutz\/","name":"Datenschutzerkl\u00e4rung &#187; PSL Systemtechnik","isPartOf":{"@id":"https:\/\/psl-systemtechnik.com\/de\/#website"},"datePublished":"2023-12-20T08:34:15+00:00","dateModified":"2025-11-28T15:20:46+00:00","breadcrumb":{"@id":"https:\/\/psl-systemtechnik.com\/de\/datenschutz\/#breadcrumb"},"inLanguage":"de","potentialAction":[{"@type":"ReadAction","target":["https:\/\/psl-systemtechnik.com\/de\/datenschutz\/"]}]},{"@type":"BreadcrumbList","@id":"https:\/\/psl-systemtechnik.com\/de\/datenschutz\/#breadcrumb","itemListElement":[{"@type":"ListItem","position":1,"name":"Startseite","item":"https:\/\/psl-systemtechnik.com\/de\/"},{"@type":"ListItem","position":2,"name":"Datenschutzerkl\u00e4rung"}]},{"@type":"WebSite","@id":"https:\/\/psl-systemtechnik.com\/de\/#website","url":"https:\/\/psl-systemtechnik.com\/de\/","name":"PSL Systemtechnik GmbH","description":"Lab Instruments for Oil and Gas","publisher":{"@id":"https:\/\/psl-systemtechnik.com\/de\/#organization"},"alternateName":"PSL","potentialAction":[{"@type":"SearchAction","target":{"@type":"EntryPoint","urlTemplate":"https:\/\/psl-systemtechnik.com\/de\/?s={search_term_string}"},"query-input":{"@type":"PropertyValueSpecification","valueRequired":true,"valueName":"search_term_string"}}],"inLanguage":"de"},{"@type":"Organization","@id":"https:\/\/psl-systemtechnik.com\/de\/#organization","name":"PSL Systemtechnik GmbH","url":"https:\/\/psl-systemtechnik.com\/de\/","logo":{"@type":"ImageObject","inLanguage":"de","@id":"https:\/\/psl-systemtechnik.com\/de\/#\/schema\/logo\/image\/","url":"https:\/\/psl-systemtechnik.com\/wp-content\/uploads\/2023\/12\/cropped-psl-systemtechnik-logo-mit-claim-web.png","contentUrl":"https:\/\/psl-systemtechnik.com\/wp-content\/uploads\/2023\/12\/cropped-psl-systemtechnik-logo-mit-claim-web.png","width":1000,"height":303,"caption":"PSL Systemtechnik GmbH"},"image":{"@id":"https:\/\/psl-systemtechnik.com\/de\/#\/schema\/logo\/image\/"},"sameAs":["https:\/\/www.facebook.com\/PSL.Systemtechnik","https:\/\/www.linkedin.com\/company\/psl-systemtechnik-gmbh\/"]}]}},"_links":{"self":[{"href":"https:\/\/psl-systemtechnik.com\/de\/wp-json\/wp\/v2\/pages\/3","targetHints":{"allow":["GET"]}}],"collection":[{"href":"https:\/\/psl-systemtechnik.com\/de\/wp-json\/wp\/v2\/pages"}],"about":[{"href":"https:\/\/psl-systemtechnik.com\/de\/wp-json\/wp\/v2\/types\/page"}],"author":[{"embeddable":true,"href":"https:\/\/psl-systemtechnik.com\/de\/wp-json\/wp\/v2\/users\/1"}],"replies":[{"embeddable":true,"href":"https:\/\/psl-systemtechnik.com\/de\/wp-json\/wp\/v2\/comments?post=3"}],"version-history":[{"count":3,"href":"https:\/\/psl-systemtechnik.com\/de\/wp-json\/wp\/v2\/pages\/3\/revisions"}],"predecessor-version":[{"id":13940,"href":"https:\/\/psl-systemtechnik.com\/de\/wp-json\/wp\/v2\/pages\/3\/revisions\/13940"}],"wp:attachment":[{"href":"https:\/\/psl-systemtechnik.com\/de\/wp-json\/wp\/v2\/media?parent=3"}],"curies":[{"name":"wp","href":"https:\/\/api.w.org\/{rel}","templated":true}]}}